{"id":5,"date":"2018-08-08T18:45:12","date_gmt":"2018-08-08T18:45:12","guid":{"rendered":"https:\/\/www.charleroi-metropole.be\/?page_id=5"},"modified":"2025-02-10T15:11:08","modified_gmt":"2025-02-10T13:11:08","slug":"home","status":"publish","type":"page","link":"https:\/\/charleroi-metropole.be\/fr\/","title":{"rendered":"Accueil"},"content":{"rendered":"\n<h1 class=\"wp-block-heading\">Charleroi Metropole<\/h1>\n\n\n\n<p>Un <a href=\"https:\/\/charleroi-metropole.be\/fr\/la-metropole\/\">territoire<\/a> dynamique, <br>des <a href=\"https:\/\/territoire.charleroi-metropole.be\/\" target=\"_blank\" rel=\"noreferrexr noopener\">projets<\/a> concrets !<\/p>\n\n\n\n<figure class=\"wp-block-gallery has-nested-images columns-5 is-cropped actions-cards wp-block-gallery-1 is-layout-flex wp-block-gallery-is-layout-flex\">\n<figure class=\"wp-block-image size-large\"><a href=\"https:\/\/charleroi-metropole.be\/fr\/entreprendre\/\"><img loading=\"lazy\" decoding=\"async\" width=\"1600\" height=\"1066\" data-id=\"16824\" src=\"https:\/\/charleroi-metropole.be\/wp-content\/uploads\/2024\/08\/salon-entrepreneuriat-compresse-1600x1066.jpg\" alt=\"\" class=\"wp-image-16824\" srcset=\"https:\/\/charleroi-metropole.be\/wp-content\/uploads\/2024\/08\/salon-entrepreneuriat-compresse-1600x1066.jpg 1600w, https:\/\/charleroi-metropole.be\/wp-content\/uploads\/2024\/08\/salon-entrepreneuriat-compresse-600x400.jpg 600w, https:\/\/charleroi-metropole.be\/wp-content\/uploads\/2024\/08\/salon-entrepreneuriat-compresse-768x512.jpg 768w, https:\/\/charleroi-metropole.be\/wp-content\/uploads\/2024\/08\/salon-entrepreneuriat-compresse-1536x1024.jpg 1536w, https:\/\/charleroi-metropole.be\/wp-content\/uploads\/2024\/08\/salon-entrepreneuriat-compresse.jpg 2048w\" sizes=\"(max-width: 1600px) 100vw, 1600px\" \/><\/a><figcaption class=\"wp-element-caption\">Entreprendre<\/figcaption><\/figure>\n\n\n\n<figure class=\"wp-block-image size-full\"><a href=\"\/fr\/manger-local\"><img loading=\"lazy\" decoding=\"async\" width=\"1600\" height=\"1067\" data-id=\"15376\" src=\"https:\/\/charleroi-metropole.be\/wp-content\/uploads\/2024\/02\/2k2a0593_1600.jpg\" alt=\"\" class=\"wp-image-15376\" srcset=\"https:\/\/charleroi-metropole.be\/wp-content\/uploads\/2024\/02\/2k2a0593_1600.jpg 1600w, https:\/\/charleroi-metropole.be\/wp-content\/uploads\/2024\/02\/2k2a0593_1600-600x400.jpg 600w, https:\/\/charleroi-metropole.be\/wp-content\/uploads\/2024\/02\/2k2a0593_1600-768x512.jpg 768w, https:\/\/charleroi-metropole.be\/wp-content\/uploads\/2024\/02\/2k2a0593_1600-1536x1024.jpg 1536w\" sizes=\"(max-width: 1600px) 100vw, 1600px\" \/><\/a><figcaption class=\"wp-element-caption\">Manger local<\/figcaption><\/figure>\n\n\n\n<figure class=\"wp-block-image size-full\"><a href=\"https:\/\/charleroi-metropole.be\/fr\/home\/se-deplacer\/\"><img loading=\"lazy\" decoding=\"async\" width=\"1000\" height=\"666\" data-id=\"16958\" src=\"https:\/\/charleroi-metropole.be\/wp-content\/uploads\/2024\/08\/Metro-Carolo-40-sur-42-reduit.jpg\" alt=\"\" class=\"wp-image-16958\" srcset=\"https:\/\/charleroi-metropole.be\/wp-content\/uploads\/2024\/08\/Metro-Carolo-40-sur-42-reduit.jpg 1000w, https:\/\/charleroi-metropole.be\/wp-content\/uploads\/2024\/08\/Metro-Carolo-40-sur-42-reduit-600x400.jpg 600w, https:\/\/charleroi-metropole.be\/wp-content\/uploads\/2024\/08\/Metro-Carolo-40-sur-42-reduit-768x511.jpg 768w\" sizes=\"(max-width: 1000px) 100vw, 1000px\" \/><\/a><figcaption class=\"wp-element-caption\">Se d\u00e9placer<\/figcaption><\/figure>\n\n\n\n<figure class=\"wp-block-image size-large\"><a href=\"https:\/\/charleroi-metropole.be\/fr\/home\/se-former\/\"><img loading=\"lazy\" decoding=\"async\" width=\"1600\" height=\"1067\" data-id=\"15140\" src=\"https:\/\/charleroi-metropole.be\/wp-content\/uploads\/2024\/01\/charleroi-metropole-auditoire-1600x1067.jpg\" alt=\"\" class=\"wp-image-15140\" srcset=\"https:\/\/charleroi-metropole.be\/wp-content\/uploads\/2024\/01\/charleroi-metropole-auditoire-1600x1067.jpg 1600w, https:\/\/charleroi-metropole.be\/wp-content\/uploads\/2024\/01\/charleroi-metropole-auditoire-600x400.jpg 600w, https:\/\/charleroi-metropole.be\/wp-content\/uploads\/2024\/01\/charleroi-metropole-auditoire-768x512.jpg 768w, https:\/\/charleroi-metropole.be\/wp-content\/uploads\/2024\/01\/charleroi-metropole-auditoire-1536x1024.jpg 1536w, https:\/\/charleroi-metropole.be\/wp-content\/uploads\/2024\/01\/charleroi-metropole-auditoire.jpg 1920w\" sizes=\"(max-width: 1600px) 100vw, 1600px\" \/><\/a><figcaption class=\"wp-element-caption\">Se former<\/figcaption><\/figure>\n\n\n\n<figure class=\"wp-block-image size-full\"><a href=\"https:\/\/charleroi-metropole.be\/fr\/visiter\/\"><img loading=\"lazy\" decoding=\"async\" width=\"1480\" height=\"985\" data-id=\"7168\" src=\"https:\/\/charleroi-metropole.be\/wp-content\/uploads\/2021\/03\/charleroi-metropole-lacs-eau-heure-sport-nature-enfant-amoureux-aventure-week-end-sympa-sortie-e1615204196944.png\" alt=\"vue sur le Lac\" class=\"wp-image-7168\" srcset=\"https:\/\/charleroi-metropole.be\/wp-content\/uploads\/2021\/03\/charleroi-metropole-lacs-eau-heure-sport-nature-enfant-amoureux-aventure-week-end-sympa-sortie-e1615204196944.png 1480w, https:\/\/charleroi-metropole.be\/wp-content\/uploads\/2021\/03\/charleroi-metropole-lacs-eau-heure-sport-nature-enfant-amoureux-aventure-week-end-sympa-sortie-e1615204196944-600x399.png 600w, https:\/\/charleroi-metropole.be\/wp-content\/uploads\/2021\/03\/charleroi-metropole-lacs-eau-heure-sport-nature-enfant-amoureux-aventure-week-end-sympa-sortie-e1615204196944-768x511.png 768w\" sizes=\"(max-width: 1480px) 100vw, 1480px\" \/><\/a><figcaption class=\"wp-element-caption\">Visiter<\/figcaption><\/figure>\n<\/figure>\n\n\n\n<figure class=\"wp-block-gallery has-nested-images columns-5 is-cropped frontpage_header_gallery gallery_territoire wp-block-gallery-2 is-layout-flex wp-block-gallery-is-layout-flex\" id=\"gallery_territoire\">\n<figure class=\"wp-block-image size-full\"><img loading=\"lazy\" decoding=\"async\" width=\"1600\" height=\"1067\" data-id=\"15376\" src=\"https:\/\/charleroi-metropole.be\/wp-content\/uploads\/2024\/02\/2k2a0593_1600.jpg\" alt=\"\" class=\"wp-image-15376\" srcset=\"https:\/\/charleroi-metropole.be\/wp-content\/uploads\/2024\/02\/2k2a0593_1600.jpg 1600w, https:\/\/charleroi-metropole.be\/wp-content\/uploads\/2024\/02\/2k2a0593_1600-600x400.jpg 600w, https:\/\/charleroi-metropole.be\/wp-content\/uploads\/2024\/02\/2k2a0593_1600-768x512.jpg 768w, https:\/\/charleroi-metropole.be\/wp-content\/uploads\/2024\/02\/2k2a0593_1600-1536x1024.jpg 1536w\" sizes=\"(max-width: 1600px) 100vw, 1600px\" \/><\/figure>\n\n\n\n<figure class=\"wp-block-image size-full\"><img loading=\"lazy\" decoding=\"async\" width=\"1166\" height=\"768\" data-id=\"15352\" src=\"https:\/\/charleroi-metropole.be\/wp-content\/uploads\/2024\/01\/abbey_aulne_charleroi_metropole.webp\" alt=\"\" class=\"wp-image-15352\" srcset=\"https:\/\/charleroi-metropole.be\/wp-content\/uploads\/2024\/01\/abbey_aulne_charleroi_metropole.webp 1166w, https:\/\/charleroi-metropole.be\/wp-content\/uploads\/2024\/01\/abbey_aulne_charleroi_metropole-600x395.webp 600w, https:\/\/charleroi-metropole.be\/wp-content\/uploads\/2024\/01\/abbey_aulne_charleroi_metropole-768x506.webp 768w\" sizes=\"(max-width: 1166px) 100vw, 1166px\" \/><\/figure>\n\n\n\n<figure class=\"wp-block-image size-large\"><img loading=\"lazy\" decoding=\"async\" width=\"1600\" height=\"1065\" data-id=\"15379\" src=\"https:\/\/charleroi-metropole.be\/wp-content\/uploads\/2024\/02\/charleroi-metropole-brasserie-artisan-e1614089492220-1600x1065.jpg\" alt=\"\" class=\"wp-image-15379\" srcset=\"https:\/\/charleroi-metropole.be\/wp-content\/uploads\/2024\/02\/charleroi-metropole-brasserie-artisan-e1614089492220-1600x1065.jpg 1600w, https:\/\/charleroi-metropole.be\/wp-content\/uploads\/2024\/02\/charleroi-metropole-brasserie-artisan-e1614089492220-600x400.jpg 600w, https:\/\/charleroi-metropole.be\/wp-content\/uploads\/2024\/02\/charleroi-metropole-brasserie-artisan-e1614089492220-768x511.jpg 768w, https:\/\/charleroi-metropole.be\/wp-content\/uploads\/2024\/02\/charleroi-metropole-brasserie-artisan-e1614089492220-1536x1023.jpg 1536w, https:\/\/charleroi-metropole.be\/wp-content\/uploads\/2024\/02\/charleroi-metropole-brasserie-artisan-e1614089492220.jpg 1622w\" sizes=\"(max-width: 1600px) 100vw, 1600px\" \/><figcaption class=\"wp-element-caption\">Il est possible d\u2019apprendre \u00e0 brasser la bi\u00e8re de A \u00e0 Z dans cette brasserie.<\/figcaption><\/figure>\n\n\n\n<figure class=\"wp-block-image size-full\"><img loading=\"lazy\" decoding=\"async\" width=\"1250\" height=\"823\" data-id=\"15382\" src=\"https:\/\/charleroi-metropole.be\/wp-content\/uploads\/2024\/02\/david-samyn-lacs-de-leau-dheure_charleroi_metropole.webp\" alt=\"\" class=\"wp-image-15382\" srcset=\"https:\/\/charleroi-metropole.be\/wp-content\/uploads\/2024\/02\/david-samyn-lacs-de-leau-dheure_charleroi_metropole.webp 1250w, https:\/\/charleroi-metropole.be\/wp-content\/uploads\/2024\/02\/david-samyn-lacs-de-leau-dheure_charleroi_metropole-600x395.webp 600w, https:\/\/charleroi-metropole.be\/wp-content\/uploads\/2024\/02\/david-samyn-lacs-de-leau-dheure_charleroi_metropole-768x506.webp 768w\" sizes=\"(max-width: 1250px) 100vw, 1250px\" \/><\/figure>\n\n\n\n<figure class=\"wp-block-image size-large\"><img loading=\"lazy\" decoding=\"async\" width=\"1272\" height=\"849\" data-id=\"15206\" src=\"https:\/\/charleroi-metropole.be\/wp-content\/uploads\/2024\/01\/charleroi-metropole-biere-futs-e1581970736381.jpg\" alt=\"\" class=\"wp-image-15206\" srcset=\"https:\/\/charleroi-metropole.be\/wp-content\/uploads\/2024\/01\/charleroi-metropole-biere-futs-e1581970736381.jpg 1272w, https:\/\/charleroi-metropole.be\/wp-content\/uploads\/2024\/01\/charleroi-metropole-biere-futs-e1581970736381-600x400.jpg 600w, https:\/\/charleroi-metropole.be\/wp-content\/uploads\/2024\/01\/charleroi-metropole-biere-futs-e1581970736381-768x513.jpg 768w\" sizes=\"(max-width: 1272px) 100vw, 1272px\" \/><\/figure>\n<\/figure>\n\n\n\n<figure class=\"wp-block-gallery has-nested-images columns-7 is-cropped frontpage_header_gallery gallery_projets wp-block-gallery-3 is-layout-flex wp-block-gallery-is-layout-flex\" id=\"gallery_projets\">\n<figure class=\"wp-block-image size-large\"><img loading=\"lazy\" decoding=\"async\" width=\"1600\" height=\"1137\" data-id=\"9310\" src=\"https:\/\/charleroi-metropole.be\/wp-content\/uploads\/2023\/03\/charleroi-cite-des-metiers-site-1-vue-3-190531-1600x1137.jpg\" alt=\"\" class=\"wp-image-9310\" srcset=\"https:\/\/charleroi-metropole.be\/wp-content\/uploads\/2023\/03\/charleroi-cite-des-metiers-site-1-vue-3-190531-1600x1137.jpg 1600w, https:\/\/charleroi-metropole.be\/wp-content\/uploads\/2023\/03\/charleroi-cite-des-metiers-site-1-vue-3-190531-600x426.jpg 600w, https:\/\/charleroi-metropole.be\/wp-content\/uploads\/2023\/03\/charleroi-cite-des-metiers-site-1-vue-3-190531-768x546.jpg 768w, https:\/\/charleroi-metropole.be\/wp-content\/uploads\/2023\/03\/charleroi-cite-des-metiers-site-1-vue-3-190531.jpg 1920w\" sizes=\"(max-width: 1600px) 100vw, 1600px\" \/><\/figure>\n\n\n\n<figure class=\"wp-block-image size-large\"><img loading=\"lazy\" decoding=\"async\" width=\"1600\" height=\"1067\" data-id=\"15195\" src=\"https:\/\/charleroi-metropole.be\/wp-content\/uploads\/2024\/01\/charleroi-metropole-chateau-visite-velo-1600x1067.jpeg\" alt=\"\" class=\"wp-image-15195\" srcset=\"https:\/\/charleroi-metropole.be\/wp-content\/uploads\/2024\/01\/charleroi-metropole-chateau-visite-velo-1600x1067.jpeg 1600w, https:\/\/charleroi-metropole.be\/wp-content\/uploads\/2024\/01\/charleroi-metropole-chateau-visite-velo-600x400.jpeg 600w, https:\/\/charleroi-metropole.be\/wp-content\/uploads\/2024\/01\/charleroi-metropole-chateau-visite-velo-768x512.jpeg 768w, https:\/\/charleroi-metropole.be\/wp-content\/uploads\/2024\/01\/charleroi-metropole-chateau-visite-velo-1536x1024.jpeg 1536w, https:\/\/charleroi-metropole.be\/wp-content\/uploads\/2024\/01\/charleroi-metropole-chateau-visite-velo.jpeg 1920w\" sizes=\"(max-width: 1600px) 100vw, 1600px\" \/><\/figure>\n\n\n\n<figure class=\"wp-block-image size-full\"><img loading=\"lazy\" decoding=\"async\" width=\"607\" height=\"910\" data-id=\"15388\" src=\"https:\/\/charleroi-metropole.be\/wp-content\/uploads\/2024\/02\/ce-salon.jpg\" alt=\"\" class=\"wp-image-15388\" srcset=\"https:\/\/charleroi-metropole.be\/wp-content\/uploads\/2024\/02\/ce-salon.jpg 607w, https:\/\/charleroi-metropole.be\/wp-content\/uploads\/2024\/02\/ce-salon-400x600.jpg 400w\" sizes=\"(max-width: 607px) 100vw, 607px\" \/><\/figure>\n\n\n\n<figure class=\"wp-block-image size-large\"><img loading=\"lazy\" decoding=\"async\" width=\"1600\" height=\"900\" data-id=\"8354\" src=\"https:\/\/charleroi-metropole.be\/wp-content\/uploads\/2021\/12\/charleroi-metropole-ferme-maraicher-1600x900.jpg\" alt=\"\" class=\"wp-image-8354\" srcset=\"https:\/\/charleroi-metropole.be\/wp-content\/uploads\/2021\/12\/charleroi-metropole-ferme-maraicher-1600x900.jpg 1600w, https:\/\/charleroi-metropole.be\/wp-content\/uploads\/2021\/12\/charleroi-metropole-ferme-maraicher-600x338.jpg 600w, https:\/\/charleroi-metropole.be\/wp-content\/uploads\/2021\/12\/charleroi-metropole-ferme-maraicher-768x432.jpg 768w, https:\/\/charleroi-metropole.be\/wp-content\/uploads\/2021\/12\/charleroi-metropole-ferme-maraicher.jpg 1920w\" sizes=\"(max-width: 1600px) 100vw, 1600px\" \/><\/figure>\n\n\n\n<figure class=\"wp-block-image size-full\"><img loading=\"lazy\" decoding=\"async\" width=\"1250\" height=\"832\" data-id=\"15385\" src=\"https:\/\/charleroi-metropole.be\/wp-content\/uploads\/2024\/02\/bruno-d_alimonte-fagnolle-les-plus-beaux-villages-de-wallonie.webp\" alt=\"\" class=\"wp-image-15385\" srcset=\"https:\/\/charleroi-metropole.be\/wp-content\/uploads\/2024\/02\/bruno-d_alimonte-fagnolle-les-plus-beaux-villages-de-wallonie.webp 1250w, https:\/\/charleroi-metropole.be\/wp-content\/uploads\/2024\/02\/bruno-d_alimonte-fagnolle-les-plus-beaux-villages-de-wallonie-600x399.webp 600w, https:\/\/charleroi-metropole.be\/wp-content\/uploads\/2024\/02\/bruno-d_alimonte-fagnolle-les-plus-beaux-villages-de-wallonie-768x511.webp 768w\" sizes=\"(max-width: 1250px) 100vw, 1250px\" \/><\/figure>\n\n\n\n<figure class=\"wp-block-image size-large\"><img loading=\"lazy\" decoding=\"async\" width=\"1600\" height=\"1067\" data-id=\"15158\" src=\"https:\/\/charleroi-metropole.be\/wp-content\/uploads\/2024\/01\/salon-entrepreneuriat-compresse-4-1600x1067.jpg\" alt=\"\" class=\"wp-image-15158\" srcset=\"https:\/\/charleroi-metropole.be\/wp-content\/uploads\/2024\/01\/salon-entrepreneuriat-compresse-4-1600x1067.jpg 1600w, https:\/\/charleroi-metropole.be\/wp-content\/uploads\/2024\/01\/salon-entrepreneuriat-compresse-4-600x400.jpg 600w, https:\/\/charleroi-metropole.be\/wp-content\/uploads\/2024\/01\/salon-entrepreneuriat-compresse-4-768x512.jpg 768w, https:\/\/charleroi-metropole.be\/wp-content\/uploads\/2024\/01\/salon-entrepreneuriat-compresse-4-1536x1024.jpg 1536w, https:\/\/charleroi-metropole.be\/wp-content\/uploads\/2024\/01\/salon-entrepreneuriat-compresse-4.jpg 1920w\" sizes=\"(max-width: 1600px) 100vw, 1600px\" \/><\/figure>\n\n\n\n<figure class=\"wp-block-image size-large\"><img loading=\"lazy\" decoding=\"async\" width=\"1600\" height=\"1200\" data-id=\"8444\" src=\"https:\/\/charleroi-metropole.be\/wp-content\/uploads\/2022\/01\/img_2727-copie-1600x1200.jpg\" alt=\"\" class=\"wp-image-8444\" srcset=\"https:\/\/charleroi-metropole.be\/wp-content\/uploads\/2022\/01\/img_2727-copie-1600x1200.jpg 1600w, https:\/\/charleroi-metropole.be\/wp-content\/uploads\/2022\/01\/img_2727-copie-600x450.jpg 600w, https:\/\/charleroi-metropole.be\/wp-content\/uploads\/2022\/01\/img_2727-copie-768x576.jpg 768w, https:\/\/charleroi-metropole.be\/wp-content\/uploads\/2022\/01\/img_2727-copie.jpg 1920w\" sizes=\"(max-width: 1600px) 100vw, 1600px\" \/><\/figure>\n<\/figure>\n","protected":false},"excerpt":{"rendered":"<p>Charleroi Metropole Un territoire dynamique, des projets concrets !<\/p>\n","protected":false},"author":27,"featured_media":0,"parent":0,"menu_order":0,"comment_status":"closed","ping_status":"closed","template":"","meta":{"footnotes":""},"class_list":["post-5","page","type-page","status-publish","hentry"],"_links":{"self":[{"href":"https:\/\/charleroi-metropole.be\/fr\/wp-json\/wp\/v2\/pages\/5"}],"collection":[{"href":"https:\/\/charleroi-metropole.be\/fr\/wp-json\/wp\/v2\/pages"}],"about":[{"href":"https:\/\/charleroi-metropole.be\/fr\/wp-json\/wp\/v2\/types\/page"}],"author":[{"embeddable":true,"href":"https:\/\/charleroi-metropole.be\/fr\/wp-json\/wp\/v2\/users\/27"}],"replies":[{"embeddable":true,"href":"https:\/\/charleroi-metropole.be\/fr\/wp-json\/wp\/v2\/comments?post=5"}],"version-history":[{"count":31,"href":"https:\/\/charleroi-metropole.be\/fr\/wp-json\/wp\/v2\/pages\/5\/revisions"}],"predecessor-version":[{"id":18205,"href":"https:\/\/charleroi-metropole.be\/fr\/wp-json\/wp\/v2\/pages\/5\/revisions\/18205"}],"wp:attachment":[{"href":"https:\/\/charleroi-metropole.be\/fr\/wp-json\/wp\/v2\/media?parent=5"}],"curies":[{"name":"wp","href":"https:\/\/api.w.org\/{rel}","templated":true}]}}