{"id":18061,"date":"2025-02-10T14:32:56","date_gmt":"2025-02-10T12:32:56","guid":{"rendered":"https:\/\/charleroi-metropole.be\/?page_id=18061"},"modified":"2025-03-03T11:33:21","modified_gmt":"2025-03-03T09:33:21","slug":"des-ecoles-maternelles-et-primaires-des-enseignements-et-apprentissages-pour-les-jeunes-de-lenseignement-secondaire-de-12-a-18-ans","status":"publish","type":"page","link":"https:\/\/charleroi-metropole.be\/fr\/home\/se-former\/des-ecoles-maternelles-et-primaires-des-enseignements-et-apprentissages-pour-les-jeunes-de-lenseignement-secondaire-de-12-a-18-ans\/","title":{"rendered":"Des \u00e9coles maternelles et primaires &#8211; Des enseignements et apprentissages pour les jeunes de l\u2019enseignement secondaire (de 12 \u00e0 18 ans)"},"content":{"rendered":"\n<div class=\"wp-block-group alignfull is-layout-constrained wp-block-group-is-layout-constrained\">\n<div class=\"wp-block-columns is-layout-flex wp-container-core-columns-is-layout-1 wp-block-columns-is-layout-flex\">\n<div class=\"wp-block-column is-layout-flow wp-block-column-is-layout-flow\">\n<div class=\"wp-block-group alignfull is-layout-constrained wp-block-group-is-layout-constrained\">\n<div class=\"wp-block-cover alignfull is-light\" style=\"min-height:297px;aspect-ratio:unset;\"><span aria-hidden=\"true\" class=\"wp-block-cover__background has-background-dim\" style=\"background-color:#b8a599\"><\/span><img loading=\"lazy\" decoding=\"async\" width=\"1250\" height=\"1000\" class=\"wp-block-cover__image-background wp-image-188\" alt=\"\" src=\"https:\/\/charleroi-metropole.be\/wp-content\/uploads\/2018\/09\/kidspic.jpg\" data-object-fit=\"cover\" srcset=\"https:\/\/charleroi-metropole.be\/wp-content\/uploads\/2018\/09\/kidspic.jpg 1250w, https:\/\/charleroi-metropole.be\/wp-content\/uploads\/2018\/09\/kidspic-600x480.jpg 600w, https:\/\/charleroi-metropole.be\/wp-content\/uploads\/2018\/09\/kidspic-768x614.jpg 768w\" sizes=\"(max-width: 1250px) 100vw, 1250px\" \/><div class=\"wp-block-cover__inner-container is-layout-constrained wp-block-cover-is-layout-constrained\">\n<h2 class=\"wp-block-heading has-text-align-left\" style=\"font-size:3.8rem\"><strong>Des \u00e9coles maternelles et primaires<\/strong><\/h2>\n\n\n\n<p style=\"font-size:22px\"><strong><br>Charleroi M\u00e9tropole offre une diversit\u00e9 d\u2019\u00e9coles maternelles (enfants de 2,5-5 ans) et<br>primaires (enfants de 6-12 ans). Renseignez-vous aupr\u00e8s de votre commune ou d\u00e9couvrez ici toutes les \u00e9coles de la M\u00e9tropole.<span lang=\"FR\" style=\"font-size:12.0pt;line-height:107%;mso-bidi-font-family:Calibri;\nmso-bidi-theme-font:minor-latin;color:#191919;background:white;mso-ansi-language:\nFR\"><\/span><br><\/strong><\/p>\n<\/div><\/div>\n\n\n\n<h2 class=\"wp-block-heading\" style=\"font-size:20px\">Trouver une \u00e9cole <\/h2>\n\n\n\n<p style=\"font-size:18px\">L\u2019<a href=\"http:\/\/www.enseignement.be\/index.php?page=26680&amp;navi=3342\" target=\"_blank\" rel=\"noreferrer noopener\">enseignement fondamental belge<\/a>\u00a0est constitu\u00e9 de trois r\u00e9seaux d\u2019enseignement suivant tous \u00a0un r\u00e9f\u00e9rentiel de cours communs : l\u2019enseignement\u00a0<a href=\"http:\/\/www.wallonie-bruxelles-enseignement.be\/\">organis\u00e9 par la F\u00e9d\u00e9ration Wallonie-Bruxelles<\/a>, l\u2019enseignement officiel subventionn\u00e9\u00a0(qui comprend l\u2019enseignement <a href=\"http:\/\/www.cecp.be\/\">organis\u00e9 par les communes et les provinces<\/a> et <a href=\"http:\/\/www.cpeons.be\/\">l&rsquo;Enseignement officiel neutre<\/a>) et l\u2019<a href=\"http:\/\/enseignement.catholique.be\/\" target=\"_blank\" rel=\"noreferrer noopener\">enseignement libre subventionn\u00e9<\/a>.<\/p>\n\n\n\n<p style=\"font-size:18px\">Ces diff\u00e9rents liens vous donneront acc\u00e8s aux listes des \u00e9tablissements. Les sites des communes renseignent \u00e9galement les \u00e9coles de leur territoire.<\/p>\n\n\n\n<h2 class=\"wp-block-heading\" style=\"font-size:20px\">P\u00e9dagogies alternatives<\/h2>\n\n\n\n<p style=\"font-size:18px\">De nombreuses \u00e9coles de Charleroi M\u00e9tropole proposent une p\u00e9dagogie alternative de type Freinet, Steiner, etc. Citons, par exemple, l\u2019<a href=\"https:\/\/sorene.be\/\">\u00e9cole alternative Sor\u00e8ne<\/a> \u00e0 Anderlues, les <a href=\"https:\/\/les-semeurs-de-graines-asbl.odoo.com\/\">Semeurs de Graines<\/a> \u00e0 Anderlues, l\u2019<a href=\"https:\/\/www.ecoledesetoilescharleroi.be\/index.php?page=30\" target=\"_blank\" rel=\"noreferrer noopener\">Ecole des \u00e9toiles<\/a>&nbsp;\u00e0 Charleroi, l\u2019\u00e9cole&nbsp;Steiner&nbsp;<a href=\"https:\/\/www.facebook.com\/profile.php?id=100091470955093&amp;sk=about\">\u00ab&nbsp;L\u2019envol\u00e9e du Phoenix&nbsp;\u00bb<\/a> \u00e0 Charleroi.<\/p>\n\n\n\n<h2 class=\"wp-block-heading\" style=\"font-size:20px\">\u00c9coles sp\u00e9cialis\u00e9es<\/h2>\n\n\n\n<p style=\"font-size:18px\">Les enfants \u00e0 besoins sp\u00e9cifiques trouveront \u00e9galement un \u00e9tablissement qui leur correspond sur le territoire de Charleroi M\u00e9tropole. Vous trouverez toutes les \u00e9coles sp\u00e9cialis\u00e9es via ce&nbsp;<a href=\"http:\/\/www.enseignement.be\/index.php?page=26037\" target=\"_blank\" rel=\"noreferrer noopener\">lien<\/a>.&nbsp;<\/p>\n\n\n\n<h2 class=\"wp-block-heading\" style=\"font-size:20px\">Internats et logements pr\u00e8s de l\u2019\u00e9cole<\/h2>\n\n\n\n<p style=\"font-size:18px\">On retrouve diff\u00e9rents internats \u00e0 destination des \u00e9l\u00e8ves de l\u2019enseignement primaire dans la M\u00e9tropole. \u00a0Citons notamment les\u00a0<a href=\"http:\/\/www.internats.be\/internat\/beaumont-ar\" target=\"_blank\" rel=\"noreferrer noopener\">internats de Beaumont<\/a>,\u00a0<a href=\"http:\/\/www.internats.be\/internat\/chimay-ar\" target=\"_blank\" rel=\"noreferrer noopener\">Chimay<\/a>,\u00a0<a href=\"http:\/\/www.internats.be\/internat\/fleurus-ar-jourdan\" target=\"_blank\" rel=\"noreferrer noopener\">Fleurus<\/a>,\u00a0<a href=\"http:\/\/www.internats.be\/internat\/gosselies-ar-les-marlaires\" target=\"_blank\" rel=\"noreferrer noopener\">Gosselies<\/a>,\u00a0<a href=\"http:\/\/www.internats.be\/internat\/couvin-iacf\" target=\"_blank\" rel=\"noreferrer noopener\">Couvin<\/a>\u00a0(\u00e9galement \u00e0 destination des \u00e9l\u00e8ves de l\u2019enseignement sp\u00e9cialis\u00e9),\u00a0<a href=\"http:\/\/www.internats.be\/internat\/mariembourg-hacf-les-aubepines\">Mariembourg<\/a>\u00a0(uniquement pour les \u00e9l\u00e8ves issus de l\u2019enseignement sp\u00e9cialis\u00e9), ou encore\u00a0<a href=\"http:\/\/www.internats.be\/internat\/philippeville-iacf-anne-frank\" target=\"_blank\" rel=\"noreferrer noopener\">Philippeville<\/a>.\u00a0Toutes\u00a0les informations utiles sont accessibles via\u00a0l\u2019<a href=\"http:\/\/www.enseignement.be\/index.php?page=26035\" target=\"_blank\" rel=\"noreferrer noopener\">annuaire des internats<\/a>\u00a0en F\u00e9d\u00e9ration Wallonie-Bruxelles.<\/p>\n\n\n\n<figure class=\"wp-block-image size-large\"><img loading=\"lazy\" decoding=\"async\" width=\"1600\" height=\"1200\" src=\"https:\/\/charleroi-metropole.be\/wp-content\/uploads\/2025\/02\/ecole-2-1600x1200.jpg\" alt=\"\" class=\"wp-image-18066\" srcset=\"https:\/\/charleroi-metropole.be\/wp-content\/uploads\/2025\/02\/ecole-2-1600x1200.jpg 1600w, https:\/\/charleroi-metropole.be\/wp-content\/uploads\/2025\/02\/ecole-2-600x450.jpg 600w, https:\/\/charleroi-metropole.be\/wp-content\/uploads\/2025\/02\/ecole-2-768x576.jpg 768w, https:\/\/charleroi-metropole.be\/wp-content\/uploads\/2025\/02\/ecole-2-1536x1152.jpg 1536w, https:\/\/charleroi-metropole.be\/wp-content\/uploads\/2025\/02\/ecole-2.jpg 2048w\" sizes=\"(max-width: 1600px) 100vw, 1600px\" \/><\/figure>\n<\/div>\n<\/div>\n\n\n\n<div class=\"wp-block-column is-layout-flow wp-block-column-is-layout-flow\">\n<div class=\"wp-block-group alignfull is-layout-constrained wp-block-group-is-layout-constrained\">\n<div class=\"wp-block-cover alignfull is-light\" style=\"min-height:297px;aspect-ratio:unset;\"><span aria-hidden=\"true\" class=\"wp-block-cover__background has-background-dim\" style=\"background-color:#b8a599\"><\/span><img loading=\"lazy\" decoding=\"async\" width=\"1700\" height=\"802\" class=\"wp-block-cover__image-background wp-image-963\" alt=\"\" src=\"https:\/\/charleroi-metropole.be\/wp-content\/uploads\/2018\/09\/ecole-secondaire.jpg\" data-object-fit=\"cover\" srcset=\"https:\/\/charleroi-metropole.be\/wp-content\/uploads\/2018\/09\/ecole-secondaire.jpg 1700w, https:\/\/charleroi-metropole.be\/wp-content\/uploads\/2018\/09\/ecole-secondaire-600x283.jpg 600w, https:\/\/charleroi-metropole.be\/wp-content\/uploads\/2018\/09\/ecole-secondaire-768x362.jpg 768w, https:\/\/charleroi-metropole.be\/wp-content\/uploads\/2018\/09\/ecole-secondaire-1600x755.jpg 1600w\" sizes=\"(max-width: 1700px) 100vw, 1700px\" \/><div class=\"wp-block-cover__inner-container is-layout-constrained wp-block-cover-is-layout-constrained\">\n<h2 class=\"wp-block-heading has-text-align-left\" style=\"font-size:3.8rem\"><strong>Des enseignements  pour les jeunes de <\/strong>12 \u00e0 18 ans<\/h2>\n\n\n\n<p style=\"font-size:22px\"><strong><br>Suivre un enseignement g\u00e9n\u00e9ral, se former plus<br>sp\u00e9cifiquement \u00e0 un m\u00e9tier, \u00e9tudier en alternance\u2026 : de multiples parcours<br>adapt\u00e9s \u00e0 chacun existent pour les jeunes de Charleroi M\u00e9tropole.<span lang=\"FR\" style=\"font-family:&quot;Calibri&quot;,sans-serif;mso-ascii-theme-font:minor-latin;\nmso-hansi-theme-font:minor-latin;mso-bidi-theme-font:minor-latin;color:#191919;\nbackground:white;mso-ansi-language:FR\"><\/span><br><\/strong><\/p>\n<\/div><\/div>\n<\/div>\n\n\n\n<h2 class=\"wp-block-heading\" style=\"font-size:20px\">Trouver une \u00e9cole d\u2019enseignement g\u00e9n\u00e9ral<\/h2>\n\n\n\n<p style=\"font-size:18px\">Tout comme l\u2019enseignement primaire, l\u2019enseignement secondaire est constitu\u00e9 de trois r\u00e9seaux avec un r\u00e9f\u00e9rentiel de cours communs : l\u2019<a href=\"http:\/\/www.wallonie-bruxelles-enseignement.be\/\" target=\"_blank\" rel=\"noreferrer noopener\">Enseignement organis\u00e9 par la F\u00e9d\u00e9ration Wallonie-Bruxelles<\/a>, l\u2019Enseignement officiel subventionn\u00e9\u00a0(compos\u00e9 de l\u2019<a href=\"http:\/\/www.cecp.be\/\" target=\"_blank\" rel=\"noreferrer noopener\">Enseignement des Communes et Provinces<\/a>\u00a0et de l\u2019<a href=\"http:\/\/www.cpeons.be\/\" target=\"_blank\" rel=\"noreferrer noopener\">Enseignement officiel neutre subventionn\u00e9)<\/a>\u00a0et l\u2019Enseignement libre subventionn\u00e9 compos\u00e9 de l\u2019<a href=\"http:\/\/enseignement.catholique.be\/\" target=\"_blank\" rel=\"noreferrer noopener\">Enseignement Catholique<\/a>\u00a0et des\u00a0<a href=\"http:\/\/www.felsi.eu\/\" target=\"_blank\" rel=\"noreferrer noopener\">\u00c9tablissements Libres Subventionn\u00e9s Ind\u00e9pendants<\/a>.<\/p>\n\n\n\n<h2 class=\"wp-block-heading\" style=\"font-size:20px\">Se former dans une \u00e9cole technique ou professionnelle<\/h2>\n\n\n\n<p style=\"font-size:18px\">Au terme du tronc commun du secondaire, l\u2019\u00e9l\u00e8ve aura le choix entre la fili\u00e8re de transition (vers l\u2019enseignement sup\u00e9rieur) ou la fili\u00e8re qualifiante, organis\u00e9es sur trois ann\u00e9es (dans le cadre du <a href=\"http:\/\/www.enseignement.be\/index.php?page=26558\">nouveau parcours de l\u2019enseignement qualifiant<\/a>).&nbsp;<\/p>\n\n\n\n<p style=\"font-size:18px\">Vous trouverez sur le site de la Communaut\u00e9 fran\u00e7aise&nbsp;toutes les&nbsp;<a href=\"http:\/\/www.enseignement.be\/index.php?page=24186&amp;navi=44\" target=\"_blank\" rel=\"noreferrer noopener\">informations<\/a>&nbsp;utiles sur l\u2019organisation de ces enseignements et sur les titres que l\u2019\u00e9l\u00e8ve peut obtenir au terme de ses \u00e9tudes techniques ou professionnelles.<\/p>\n\n\n\n<h2 class=\"wp-block-heading\" style=\"font-size:20px\">Formation par alternance<\/h2>\n\n\n\n<p style=\"font-size:18px\">L\u2019enseignement secondaire en alternance est n\u00e9 de la volont\u00e9 d\u2019offrir aux jeunes une alternative aux formes de scolarit\u00e9 traditionnelles de l\u2019enseignement de plein exercice. Ce type d\u2019enseignement propose ainsi de combiner la formation g\u00e9n\u00e9rale et la pratique professionnelle en entreprise.<\/p>\n\n\n\n<p style=\"font-size:18px\">Cet enseignement est dispens\u00e9 dans un \u00e9tablissement appel\u00e9 CEFA (Centre d\u2019\u00e9ducation et de formation en alternance).\u00a0La\u00a0<a href=\"http:\/\/www.enseignement.be\/index.php?page=27504&amp;act=search&amp;check=&amp;unite=119&amp;geo_type=1&amp;geo_prov=5&amp;geo_cp=&amp;geo_loca=&amp;geo_mots=&amp;reseau=111%2C126%2C123%2C122%2C121%2C131%2C132\" target=\"_blank\" rel=\"noreferrer noopener\">liste des CEFA<\/a>\u00a0peut \u00eatre consult\u00e9e via l\u2019annuaire des \u00e9coles d\u2019enseignement secondaire ordinaire.<\/p>\n\n\n\n<p style=\"font-size:18px\">L\u2019IFAPME (Institut wallon de Formation en Alternance et des ind\u00e9pendants et Petites et Moyennes Entreprises) organise \u00e9galement de nombreuses formations en alternance \u00e0 destination des jeunes \u00e0 partir de 15 ans, dont de <a href=\"https:\/\/www.ifapme.be\/catalogue?lieu=charleroi&amp;publique=0_0\">nombreuses se tiennent sur le territoire de Charleroi M\u00e9tropole<\/a>.<\/p>\n\n\n\n<h2 class=\"wp-block-heading\" style=\"font-size:20px\">\u00c9coles secondaires sp\u00e9cialis\u00e9es<\/h2>\n\n\n\n<p style=\"font-size:18px\">Charleroi M\u00e9tropole se soucie tout particuli\u00e8rement des enfants qui souffrent d\u2019un handicap. Retrouvez, sur le site de la F\u00e9d\u00e9ration Wallonie-Bruxelles,\u00a0toutes les\u00a0<a href=\"http:\/\/www.enseignement.be\/index.php?page=26037\" target=\"_blank\" rel=\"noreferrer noopener\">\u00e9coles sp\u00e9cialis\u00e9es<\/a>.\u00a0<\/p>\n\n\n\n<h2 class=\"wp-block-heading\" style=\"font-size:20px\"><strong>Internats<\/strong><\/h2>\n\n\n\n<p style=\"font-size:18px\">On retrouve diff\u00e9rents internats \u00e0 destination des \u00e9l\u00e8ves de l\u2019enseignement secondaire dans la M\u00e9tropole. Citons les internats de :&nbsp;<a href=\"http:\/\/www.internats.be\/internat\/beaumont-ar\" target=\"_blank\" rel=\"noreferrer noopener\">Beaumont<\/a>&nbsp;,&nbsp;<a href=\"http:\/\/www.internats.be\/internat\/charleroi-centre-educatif-communal-secondaire-la-garenne\" target=\"_blank\" rel=\"noreferrer noopener\">Charleroi<\/a>&nbsp;,&nbsp;<a href=\"http:\/\/www.internats.be\/internat\/chimay-ar\" target=\"_blank\" rel=\"noreferrer noopener\">Chimay<\/a>&nbsp;,&nbsp;<a href=\"http:\/\/www.internats.be\/internat\/fleurus-ar-jourdan\" target=\"_blank\" rel=\"noreferrer noopener\">Fleurus<\/a>&nbsp;,&nbsp;<a href=\"http:\/\/www.internats.be\/internat\/gosselies-ar-les-marlaires\" target=\"_blank\" rel=\"noreferrer noopener\">Gosselies<\/a>&nbsp;,&nbsp;<a href=\"http:\/\/www.internats.be\/internat\/couvin-iacf\" target=\"_blank\" rel=\"noreferrer noopener\">Couvin<\/a>&nbsp;(\u00e9galement \u00e0 destination des \u00e9l\u00e8ves de l\u2019enseignement du sp\u00e9cialis\u00e9),&nbsp;<a href=\"http:\/\/www.internats.be\/internat\/mariembourg-hacf-les-aubepines\" target=\"_blank\" rel=\"noreferrer noopener\">Mariembourg<\/a>&nbsp;(uniquement pour les les \u00e9l\u00e8ves issus de l\u2019enseignement sp\u00e9cialis\u00e9) et&nbsp;<a href=\"http:\/\/www.internats.be\/internat\/philippeville-iacf-anne-frank\" target=\"_blank\" rel=\"noreferrer noopener\">Philippeville<\/a>.<\/p>\n\n\n\n<p style=\"font-size:18px\">Toutes\u00a0les informations utiles sont accessibles via\u00a0l\u2019<a href=\"http:\/\/www.enseignement.be\/index.php?page=26035\" target=\"_blank\" rel=\"noreferrer noopener\">annuaire des internats<\/a>\u00a0en F\u00e9d\u00e9ration Wallonie-Bruxelles.<\/p>\n\n\n\n<div style=\"height:48px\" aria-hidden=\"true\" class=\"wp-block-spacer\"><\/div>\n<\/div>\n<\/div>\n<\/div>\n","protected":false},"excerpt":{"rendered":"<p>Trouver une \u00e9cole L\u2019enseignement fondamental belge\u00a0est constitu\u00e9 de trois r\u00e9seaux d\u2019enseignement suivant tous \u00a0un r\u00e9f\u00e9rentiel de cours communs : l\u2019enseignement\u00a0organis\u00e9 par la F\u00e9d\u00e9ration Wallonie-Bruxelles, l\u2019enseignement officiel subventionn\u00e9\u00a0(qui comprend l\u2019enseignement organis\u00e9 par les communes et les provinces et l&rsquo;Enseignement officiel neutre) et l\u2019enseignement libre subventionn\u00e9. Ces diff\u00e9rents liens vous donneront acc\u00e8s aux listes des \u00e9tablissements. Les [&hellip;]<\/p>\n","protected":false},"author":18,"featured_media":0,"parent":18052,"menu_order":0,"comment_status":"closed","ping_status":"closed","template":"","meta":{"footnotes":""},"class_list":["post-18061","page","type-page","status-publish","hentry"],"_links":{"self":[{"href":"https:\/\/charleroi-metropole.be\/fr\/wp-json\/wp\/v2\/pages\/18061"}],"collection":[{"href":"https:\/\/charleroi-metropole.be\/fr\/wp-json\/wp\/v2\/pages"}],"about":[{"href":"https:\/\/charleroi-metropole.be\/fr\/wp-json\/wp\/v2\/types\/page"}],"author":[{"embeddable":true,"href":"https:\/\/charleroi-metropole.be\/fr\/wp-json\/wp\/v2\/users\/18"}],"replies":[{"embeddable":true,"href":"https:\/\/charleroi-metropole.be\/fr\/wp-json\/wp\/v2\/comments?post=18061"}],"version-history":[{"count":6,"href":"https:\/\/charleroi-metropole.be\/fr\/wp-json\/wp\/v2\/pages\/18061\/revisions"}],"predecessor-version":[{"id":18423,"href":"https:\/\/charleroi-metropole.be\/fr\/wp-json\/wp\/v2\/pages\/18061\/revisions\/18423"}],"up":[{"embeddable":true,"href":"https:\/\/charleroi-metropole.be\/fr\/wp-json\/wp\/v2\/pages\/18052"}],"wp:attachment":[{"href":"https:\/\/charleroi-metropole.be\/fr\/wp-json\/wp\/v2\/media?parent=18061"}],"curies":[{"name":"wp","href":"https:\/\/api.w.org\/{rel}","templated":true}]}}