{"id":17751,"date":"2024-12-16T11:19:18","date_gmt":"2024-12-16T09:19:18","guid":{"rendered":"https:\/\/charleroi-metropole.be\/?page_id=17751"},"modified":"2024-12-19T12:04:45","modified_gmt":"2024-12-19T10:04:45","slug":"se-deplacer","status":"publish","type":"page","link":"https:\/\/charleroi-metropole.be\/fr\/home\/se-deplacer\/","title":{"rendered":"Se d\u00e9placer"},"content":{"rendered":"\n<div class=\"wp-block-group alignfull is-layout-constrained wp-block-group-is-layout-constrained\">\n<div class=\"wp-block-cover alignfull is-light\" style=\"min-height:297px;aspect-ratio:unset;\"><span aria-hidden=\"true\" class=\"wp-block-cover__background has-background-dim\" style=\"background-color:#b8a599\"><\/span><img loading=\"lazy\" decoding=\"async\" width=\"1500\" height=\"999\" class=\"wp-block-cover__image-background wp-image-17752\" alt=\"\" src=\"https:\/\/charleroi-metropole.be\/wp-content\/uploads\/2024\/11\/Metro-Carolo-40-sur-42.jpg\" data-object-fit=\"cover\" srcset=\"https:\/\/charleroi-metropole.be\/wp-content\/uploads\/2024\/11\/Metro-Carolo-40-sur-42.jpg 1500w, https:\/\/charleroi-metropole.be\/wp-content\/uploads\/2024\/11\/Metro-Carolo-40-sur-42-600x400.jpg 600w, https:\/\/charleroi-metropole.be\/wp-content\/uploads\/2024\/11\/Metro-Carolo-40-sur-42-768x511.jpg 768w\" sizes=\"(max-width: 1500px) 100vw, 1500px\" \/><div class=\"wp-block-cover__inner-container is-layout-constrained wp-block-cover-is-layout-constrained\">\n<h2 class=\"wp-block-heading has-text-align-left\" style=\"font-size:3.8rem\">Se d\u00e9placer<\/h2>\n\n\n\n<p style=\"font-size:22px\"><strong><br><br>Au c\u0153ur de la Wallonie et d\u2019un r\u00e9seau de transports dense, Charleroi M\u00e9tropole b\u00e9n\u00e9ficie d\u2019une tr\u00e8s bonne<br>accessibilit\u00e9, non seulement routi\u00e8re, mais aussi en train, bus et v\u00e9lo. Le territoire offre aux habitants et aux visiteurs de nombreuses possibilit\u00e9s pour se d\u00e9placer\u2026<\/strong><\/p>\n<\/div><\/div>\n<\/div>\n\n\n\n<div style=\"height:36px\" aria-hidden=\"true\" class=\"wp-block-spacer\"><\/div>\n\n\n\n<div class=\"wp-block-media-text alignwide has-media-on-the-right is-stacked-on-mobile is-vertically-aligned-center wp-block-media-text_modified has-pastel-grey-background-color has-background\" style=\"margin-right:var(--wp--preset--spacing--40);margin-left:var(--wp--preset--spacing--40);grid-template-columns:auto 49%\"><div class=\"wp-block-media-text__content\">\n<h2 class=\"wp-block-heading has-body-font-family\" style=\"font-size:21px\"><\/h2>\n\n\n\n<div class=\"wp-block-columns is-layout-flex wp-container-core-columns-is-layout-1 wp-block-columns-is-layout-flex\">\n<div class=\"wp-block-column is-layout-flow wp-block-column-is-layout-flow\" style=\"font-style:normal;font-weight:600\">\n<h2 class=\"wp-block-heading has-black-color has-text-color has-link-color wp-elements-26a93bbd9fa8b05d7a6af8a0dd1bcbf1\" style=\"font-size:23px\">Des transports en commun, pour rejoindre les villes et les villages de Charleroi M\u00e9tropole<\/h2>\n<\/div>\n<\/div>\n\n\n\n<p class=\"has-body-font-family\" style=\"font-size:15px\">Un r\u00e9seau de 130 lignes de bus (TEC) et de 43 gares ferroviaires (SNCB), offre aux habitants et visiteurs une vari\u00e9t\u00e9 de solutions pour r\u00e9pondre aux besoins de d\u00e9placements, au sein de la M\u00e9tropole ou vers les principales villes belges.<\/p>\n\n\n\n<div class=\"wp-block-buttons is-content-justification-center is-layout-flex wp-container-core-buttons-is-layout-1 wp-block-buttons-is-layout-flex\">\n<div class=\"wp-block-button has-custom-font-size is-style-outline is-style-outline--c930a2b5f54b924582c7a6807c041a32\" style=\"font-size:22px\"><a class=\"wp-block-button__link has-black-color has-pastel-grey-background-color has-text-color has-background has-link-color wp-element-button\" href=\"https:\/\/charleroi-metropole.be\/fr\/home\/se-deplacer\/des-transports-en-commun-pour-rejoindre-les-villes-et-les-villages-de-charleroi-metropole\/\"><strong>En savoir plus<\/strong><\/a><\/div>\n<\/div>\n\n\n\n<div style=\"height:32px\" aria-hidden=\"true\" class=\"wp-block-spacer\"><\/div>\n<\/div><figure class=\"wp-block-media-text__media\"><a href=\"https:\/\/charleroi-metropole.be\/fr\/home\/se-deplacer\/des-transports-en-commun-pour-rejoindre-les-villes-et-les-villages-de-charleroi-metropole\/\"><img loading=\"lazy\" decoding=\"async\" width=\"800\" height=\"450\" src=\"https:\/\/charleroi-metropole.be\/wp-content\/uploads\/2024\/11\/800px-Soleilmont_tram_metro-leger-charleroi2.jpg\" alt=\"\" class=\"wp-image-17759 size-full\" srcset=\"https:\/\/charleroi-metropole.be\/wp-content\/uploads\/2024\/11\/800px-Soleilmont_tram_metro-leger-charleroi2.jpg 800w, https:\/\/charleroi-metropole.be\/wp-content\/uploads\/2024\/11\/800px-Soleilmont_tram_metro-leger-charleroi2-600x338.jpg 600w, https:\/\/charleroi-metropole.be\/wp-content\/uploads\/2024\/11\/800px-Soleilmont_tram_metro-leger-charleroi2-768x432.jpg 768w\" sizes=\"(max-width: 800px) 100vw, 800px\" \/><\/a><\/figure><\/div>\n\n\n\n<div style=\"height:36px\" aria-hidden=\"true\" class=\"wp-block-spacer\"><\/div>\n\n\n\n<div class=\"wp-block-media-text alignwide is-stacked-on-mobile is-vertically-aligned-center wp-block-media-text_modified has-background\" style=\"background-color:#9dd1af;margin-right:var(--wp--preset--spacing--40);margin-left:var(--wp--preset--spacing--40);grid-template-columns:49% auto\"><figure class=\"wp-block-media-text__media\"><a href=\"https:\/\/charleroi-metropole.be\/fr\/home\/se-deplacer\/une-centrale-locale-de-mobilite-pour-vous-aider-a-planifier-votre-trajet\/\"><img loading=\"lazy\" decoding=\"async\" width=\"612\" height=\"408\" src=\"https:\/\/charleroi-metropole.be\/wp-content\/uploads\/2024\/11\/call-center.jpg\" alt=\"\" class=\"wp-image-17765 size-full\" srcset=\"https:\/\/charleroi-metropole.be\/wp-content\/uploads\/2024\/11\/call-center.jpg 612w, https:\/\/charleroi-metropole.be\/wp-content\/uploads\/2024\/11\/call-center-600x400.jpg 600w\" sizes=\"(max-width: 612px) 100vw, 612px\" \/><\/a><\/figure><div class=\"wp-block-media-text__content\">\n<div class=\"wp-block-group is-layout-constrained wp-block-group-is-layout-constrained\" style=\"padding-top:var(--wp--preset--spacing--30);padding-bottom:var(--wp--preset--spacing--30)\">\n<h2 class=\"wp-block-heading has-body-font-family\" style=\"font-size:21px\"><\/h2>\n\n\n\n<div class=\"wp-block-columns is-layout-flex wp-container-core-columns-is-layout-2 wp-block-columns-is-layout-flex\">\n<div class=\"wp-block-column is-layout-flow wp-block-column-is-layout-flow\" style=\"font-style:normal;font-weight:600\">\n<h2 class=\"wp-block-heading has-black-color has-text-color has-link-color wp-elements-55e3d0ba297d437955606e8607476e45\" style=\"font-size:23px\">Une Centrale Locale de Mobilit\u00e9 pour vous aider \u00e0 planifier votre trajet<\/h2>\n<\/div>\n<\/div>\n\n\n\n<p class=\"has-body-font-family\" style=\"font-size:15px\">Une solution pour toutes celles et ceux qui n&rsquo;ont pas d&rsquo;acc\u00e8s ais\u00e9 aux transports en commun, et qui ne sont pas \u00e0 l\u2019aise avec les smartphones et outils informatiques&#8230;<\/p>\n<\/div>\n\n\n\n<div class=\"wp-block-buttons is-content-justification-center is-layout-flex wp-container-core-buttons-is-layout-2 wp-block-buttons-is-layout-flex\">\n<div class=\"wp-block-button has-custom-font-size is-style-outline is-style-outline--eb9dade6781809c77ae4de3225be1c57\" style=\"font-size:22px\"><a class=\"wp-block-button__link has-black-color has-pastel-green-background-color has-text-color has-background has-link-color wp-element-button\" href=\"https:\/\/charleroi-metropole.be\/fr\/home\/se-deplacer\/une-centrale-locale-de-mobilite-pour-vous-aider-a-planifier-votre-trajet\/\"><strong>En savoir plus<\/strong><\/a><\/div>\n<\/div>\n\n\n\n<div style=\"height:34px\" aria-hidden=\"true\" class=\"wp-block-spacer\"><\/div>\n<\/div><\/div>\n\n\n\n<div style=\"height:36px\" aria-hidden=\"true\" class=\"wp-block-spacer\"><\/div>\n\n\n\n<div class=\"wp-block-media-text alignwide has-media-on-the-right is-stacked-on-mobile is-vertically-aligned-center wp-block-media-text_modified has-pastel-blue-background-color has-background\" style=\"margin-right:var(--wp--preset--spacing--40);margin-left:var(--wp--preset--spacing--40);grid-template-columns:auto 55%\"><div class=\"wp-block-media-text__content\">\n<div class=\"wp-block-group is-layout-constrained wp-block-group-is-layout-constrained\" style=\"padding-top:var(--wp--preset--spacing--30);padding-bottom:var(--wp--preset--spacing--30)\">\n<h2 class=\"wp-block-heading has-body-font-family\" style=\"font-size:21px\"><\/h2>\n\n\n\n<div class=\"wp-block-columns is-layout-flex wp-container-core-columns-is-layout-3 wp-block-columns-is-layout-flex\">\n<div class=\"wp-block-column is-layout-flow wp-block-column-is-layout-flow\" style=\"font-style:normal;font-weight:600\">\n<h2 class=\"wp-block-heading has-black-color has-text-color has-link-color wp-elements-a683222539edecf20c62adbd62d6db28\" style=\"font-size:23px\">Des services et des infrastructures qui favorisent les d\u00e9placements \u00e0 pied et \u00e0 v\u00e9lo<\/h2>\n<\/div>\n<\/div>\n\n\n\n<p class=\"has-body-font-family\" style=\"font-size:15px\">La marche et le v\u00e9lo sont des modes de d\u00e9placement actifs, non co\u00fbteux, bons pour la sant\u00e9 et pour la plan\u00e8te, et tr\u00e8s efficaces pour les courtes distances. Offrir un cadre propice \u00e0 des d\u00e9placements confortables, agr\u00e9ables et s\u00e9curis\u00e9s pour les pi\u00e9tons et les cyclistes fait partie des priorit\u00e9s du Plan de Mobilit\u00e9 de Charleroi M\u00e9tropole.<\/p>\n\n\n\n<div style=\"height:10px\" aria-hidden=\"true\" class=\"wp-block-spacer\"><\/div>\n\n\n\n<div class=\"wp-block-buttons is-content-justification-center is-layout-flex wp-container-core-buttons-is-layout-3 wp-block-buttons-is-layout-flex\">\n<div class=\"wp-block-button has-custom-font-size is-style-outline is-style-outline--ec3c1a0480449723b548d383527c1a32\" style=\"font-size:22px\"><a class=\"wp-block-button__link has-black-color has-pastel-blue-background-color has-text-color has-background has-link-color wp-element-button\" href=\"https:\/\/charleroi-metropole.be\/fr\/home\/se-deplacer\/des-services-et-des-infrastructures-qui-favorisent-les-deplacements-a-pied-et-a-velo\/\"><strong>En savoir plus<\/strong><\/a><\/div>\n<\/div>\n<\/div>\n<\/div><figure class=\"wp-block-media-text__media\"><a href=\"https:\/\/charleroi-metropole.be\/fr\/home\/se-deplacer\/des-services-et-des-infrastructures-qui-favorisent-les-deplacements-a-pied-et-a-velo\/\"><img loading=\"lazy\" decoding=\"async\" width=\"1600\" height=\"1067\" src=\"https:\/\/charleroi-metropole.be\/wp-content\/uploads\/2024\/01\/charleroi-metropole-chateau-visite-velo-1600x1067.jpeg\" alt=\"\" class=\"wp-image-15195 size-full\" srcset=\"https:\/\/charleroi-metropole.be\/wp-content\/uploads\/2024\/01\/charleroi-metropole-chateau-visite-velo-1600x1067.jpeg 1600w, https:\/\/charleroi-metropole.be\/wp-content\/uploads\/2024\/01\/charleroi-metropole-chateau-visite-velo-600x400.jpeg 600w, https:\/\/charleroi-metropole.be\/wp-content\/uploads\/2024\/01\/charleroi-metropole-chateau-visite-velo-768x512.jpeg 768w, https:\/\/charleroi-metropole.be\/wp-content\/uploads\/2024\/01\/charleroi-metropole-chateau-visite-velo-1536x1024.jpeg 1536w, https:\/\/charleroi-metropole.be\/wp-content\/uploads\/2024\/01\/charleroi-metropole-chateau-visite-velo.jpeg 1920w\" sizes=\"(max-width: 1600px) 100vw, 1600px\" \/><\/a><\/figure><\/div>\n\n\n\n<div style=\"height:36px\" aria-hidden=\"true\" class=\"wp-block-spacer\"><\/div>\n\n\n\n<div class=\"wp-block-media-text alignwide is-stacked-on-mobile is-vertically-aligned-center wp-block-media-text_modified has-pastel-brown-background-color has-background\" style=\"margin-right:var(--wp--preset--spacing--40);margin-left:var(--wp--preset--spacing--40)\"><figure class=\"wp-block-media-text__media\"><a href=\"https:\/\/charleroi-metropole.be\/fr\/home\/se-deplacer\/en-voiture-autrement\/\"><img loading=\"lazy\" decoding=\"async\" width=\"612\" height=\"408\" src=\"https:\/\/charleroi-metropole.be\/wp-content\/uploads\/2024\/11\/voitures-partagees.jpg\" alt=\"\" class=\"wp-image-17771 size-full\" srcset=\"https:\/\/charleroi-metropole.be\/wp-content\/uploads\/2024\/11\/voitures-partagees.jpg 612w, https:\/\/charleroi-metropole.be\/wp-content\/uploads\/2024\/11\/voitures-partagees-600x400.jpg 600w\" sizes=\"(max-width: 612px) 100vw, 612px\" \/><\/a><\/figure><div class=\"wp-block-media-text__content\">\n<div class=\"wp-block-group is-layout-constrained wp-block-group-is-layout-constrained\" style=\"padding-top:var(--wp--preset--spacing--30);padding-bottom:var(--wp--preset--spacing--30)\">\n<h2 class=\"wp-block-heading has-body-font-family\" style=\"font-size:21px\"><\/h2>\n\n\n\n<div class=\"wp-block-columns is-layout-flex wp-container-core-columns-is-layout-4 wp-block-columns-is-layout-flex\">\n<div class=\"wp-block-column is-layout-flow wp-block-column-is-layout-flow\" style=\"font-style:normal;font-weight:600\">\n<h2 class=\"wp-block-heading has-black-color has-text-color has-link-color wp-elements-e32608cdc052e720e817aa991fa57e0f\" style=\"font-size:23px\">En voiture autrement<\/h2>\n<\/div>\n<\/div>\n\n\n\n<p class=\"has-body-font-family\" style=\"font-size:15px\">Afin de rencontrer les objectifs de la strat\u00e9gie r\u00e9gionale de mobilit\u00e9, et tendre vers un utilisation plus collective de la voiture, diff\u00e9rentes solutions, telles que le covoiturage ou l\u2019autopartage, sont encourag\u00e9es.<\/p>\n\n\n\n<div style=\"height:18px\" aria-hidden=\"true\" class=\"wp-block-spacer\"><\/div>\n<\/div>\n\n\n\n<div class=\"wp-block-buttons is-content-justification-center is-layout-flex wp-container-core-buttons-is-layout-4 wp-block-buttons-is-layout-flex\">\n<div class=\"wp-block-button has-custom-font-size is-style-outline is-style-outline--733283d173096b276c67986aca03e1a9\" style=\"font-size:22px\"><a class=\"wp-block-button__link has-black-color has-pastel-brown-background-color has-text-color has-background has-link-color wp-element-button\" href=\"https:\/\/charleroi-metropole.be\/fr\/home\/se-deplacer\/en-voiture-autrement\/\"><strong>En savoir plus<\/strong><\/a><\/div>\n<\/div>\n<\/div><\/div>\n\n\n\n<div style=\"height:36px\" aria-hidden=\"true\" class=\"wp-block-spacer\"><\/div>\n\n\n\n<div class=\"wp-block-media-text alignwide has-media-on-the-right is-stacked-on-mobile is-vertically-aligned-center wp-block-media-text_modified has-navy-blue-background-color has-background\" style=\"margin-right:var(--wp--preset--spacing--40);margin-left:var(--wp--preset--spacing--40);grid-template-columns:auto 57%\"><div class=\"wp-block-media-text__content\">\n<div class=\"wp-block-group is-layout-constrained wp-block-group-is-layout-constrained\" style=\"padding-top:var(--wp--preset--spacing--30);padding-bottom:var(--wp--preset--spacing--30)\">\n<h2 class=\"wp-block-heading has-body-font-family\" style=\"font-size:21px\"><\/h2>\n\n\n\n<div class=\"wp-block-columns is-layout-flex wp-container-core-columns-is-layout-5 wp-block-columns-is-layout-flex\">\n<div class=\"wp-block-column is-layout-flow wp-block-column-is-layout-flow\" style=\"font-style:normal;font-weight:600\">\n<h2 class=\"wp-block-heading has-white-color has-text-color has-link-color wp-elements-0fe3a214f81e5aaf5b6fe883c3988bfc\" style=\"font-size:23px\">L\u2019a\u00e9roport de Charleroi Brussel South&nbsp;: une connexion vers le reste de l\u2019Europe et du monde<\/h2>\n<\/div>\n<\/div>\n\n\n\n<p class=\"has-white-color has-text-color has-link-color has-body-font-family wp-elements-e66e0d04f1362a1f05d269f5368d49e0\" style=\"font-size:15px\">Avec plus de 8 millions de passagers par an, BSCA est le 2<sup>\u00e8me<\/sup> a\u00e9roport de Belgique. Il relie pr\u00e8s de 200 destinations dans 53 pays.<\/p>\n<\/div>\n\n\n\n<div class=\"wp-block-buttons is-content-justification-center is-layout-flex wp-container-core-buttons-is-layout-5 wp-block-buttons-is-layout-flex\">\n<div class=\"wp-block-button has-custom-font-size is-style-outline is-style-outline--1f79a064a64afc9e0c0b6d46a3e02670\" style=\"font-size:22px\"><a class=\"wp-block-button__link has-white-color has-text-color has-link-color wp-element-button\" href=\"https:\/\/charleroi-metropole.be\/fr\/home\/se-deplacer\/laeroport-de-charleroi-brussel-south\/\"><strong>En savoir plus<\/strong><\/a><\/div>\n<\/div>\n<\/div><figure class=\"wp-block-media-text__media\"><a href=\"https:\/\/charleroi-metropole.be\/fr\/home\/se-deplacer\/laeroport-de-charleroi-brussel-south\/\"><img loading=\"lazy\" decoding=\"async\" width=\"1600\" height=\"900\" src=\"https:\/\/charleroi-metropole.be\/wp-content\/uploads\/2018\/11\/07_bsca.00_00_26_45.still005-1600x900.jpg\" alt=\"\" class=\"wp-image-1433 size-full\" srcset=\"https:\/\/charleroi-metropole.be\/wp-content\/uploads\/2018\/11\/07_bsca.00_00_26_45.still005-1600x900.jpg 1600w, https:\/\/charleroi-metropole.be\/wp-content\/uploads\/2018\/11\/07_bsca.00_00_26_45.still005-600x338.jpg 600w, https:\/\/charleroi-metropole.be\/wp-content\/uploads\/2018\/11\/07_bsca.00_00_26_45.still005-768x432.jpg 768w, https:\/\/charleroi-metropole.be\/wp-content\/uploads\/2018\/11\/07_bsca.00_00_26_45.still005.jpg 1920w\" sizes=\"(max-width: 1600px) 100vw, 1600px\" \/><\/a><\/figure><\/div>\n\n\n\n<div style=\"height:36px\" aria-hidden=\"true\" class=\"wp-block-spacer\"><\/div>\n\n\n\n<div class=\"wp-block-media-text alignwide is-stacked-on-mobile is-vertically-aligned-center wp-block-media-text_modified has-pastel-dark-pink-background-color has-background\" style=\"margin-right:var(--wp--preset--spacing--40);margin-left:var(--wp--preset--spacing--40)\"><figure class=\"wp-block-media-text__media\"><a href=\"https:\/\/charleroi-metropole.be\/fr\/home\/se-deplacer\/le-plan-de-mobilite-de-charleroi-metropole-feuille-de-route-vers-une-mobilite-plus-durable\/\"><img loading=\"lazy\" decoding=\"async\" width=\"1240\" height=\"800\" src=\"https:\/\/charleroi-metropole.be\/wp-content\/uploads\/2020\/09\/cover-mobilite.jpg\" alt=\"\" class=\"wp-image-6180 size-full\" srcset=\"https:\/\/charleroi-metropole.be\/wp-content\/uploads\/2020\/09\/cover-mobilite.jpg 1240w, https:\/\/charleroi-metropole.be\/wp-content\/uploads\/2020\/09\/cover-mobilite-600x387.jpg 600w, https:\/\/charleroi-metropole.be\/wp-content\/uploads\/2020\/09\/cover-mobilite-768x495.jpg 768w\" sizes=\"(max-width: 1240px) 100vw, 1240px\" \/><\/a><\/figure><div class=\"wp-block-media-text__content\">\n<div class=\"wp-block-group is-layout-constrained wp-block-group-is-layout-constrained\" style=\"padding-top:var(--wp--preset--spacing--30);padding-bottom:var(--wp--preset--spacing--30)\">\n<h2 class=\"wp-block-heading has-body-font-family\" style=\"font-size:21px\"><\/h2>\n\n\n\n<div class=\"wp-block-columns is-layout-flex wp-container-core-columns-is-layout-6 wp-block-columns-is-layout-flex\">\n<div class=\"wp-block-column is-layout-flow wp-block-column-is-layout-flow\" style=\"font-style:normal;font-weight:600\">\n<h2 class=\"wp-block-heading has-black-color has-text-color has-link-color wp-elements-fbea83b13f28f1852d140c58c7730d56\" style=\"font-size:23px\">Le Plan de Mobilit\u00e9 de Charleroi M\u00e9tropole&nbsp;: feuille de route vers une mobilit\u00e9 plus durable<\/h2>\n<\/div>\n<\/div>\n\n\n\n<p class=\"has-body-font-family\" style=\"font-size:15px\">Charleroi M\u00e9tropole dispose d\u2019un Plan de Mobilit\u00e9 qui couvre les 30 communes du bassin de mobilit\u00e9 et d\u00e9veloppe une vision strat\u00e9gique pour l\u2019ensemble des modes de d\u00e9placement.<\/p>\n<\/div>\n\n\n\n<div class=\"wp-block-buttons is-content-justification-center is-layout-flex wp-container-core-buttons-is-layout-6 wp-block-buttons-is-layout-flex\">\n<div class=\"wp-block-button has-custom-font-size is-style-outline is-style-outline--14a9c79c0bcbb46897c87a834923256a\" style=\"font-size:22px\"><a class=\"wp-block-button__link has-black-color has-text-color has-link-color wp-element-button\" href=\"https:\/\/charleroi-metropole.be\/fr\/home\/se-deplacer\/le-plan-de-mobilite-de-charleroi-metropole-feuille-de-route-vers-une-mobilite-plus-durable\/\"><strong>En savoir plus<\/strong><\/a><\/div>\n<\/div>\n<\/div><\/div>\n\n\n\n<div style=\"height:36px\" aria-hidden=\"true\" class=\"wp-block-spacer\"><\/div>\n","protected":false},"excerpt":{"rendered":"","protected":false},"author":18,"featured_media":0,"parent":5,"menu_order":0,"comment_status":"closed","ping_status":"closed","template":"","meta":{"footnotes":""},"class_list":["post-17751","page","type-page","status-publish","hentry"],"_links":{"self":[{"href":"https:\/\/charleroi-metropole.be\/fr\/wp-json\/wp\/v2\/pages\/17751"}],"collection":[{"href":"https:\/\/charleroi-metropole.be\/fr\/wp-json\/wp\/v2\/pages"}],"about":[{"href":"https:\/\/charleroi-metropole.be\/fr\/wp-json\/wp\/v2\/types\/page"}],"author":[{"embeddable":true,"href":"https:\/\/charleroi-metropole.be\/fr\/wp-json\/wp\/v2\/users\/18"}],"replies":[{"embeddable":true,"href":"https:\/\/charleroi-metropole.be\/fr\/wp-json\/wp\/v2\/comments?post=17751"}],"version-history":[{"count":18,"href":"https:\/\/charleroi-metropole.be\/fr\/wp-json\/wp\/v2\/pages\/17751\/revisions"}],"predecessor-version":[{"id":17981,"href":"https:\/\/charleroi-metropole.be\/fr\/wp-json\/wp\/v2\/pages\/17751\/revisions\/17981"}],"up":[{"embeddable":true,"href":"https:\/\/charleroi-metropole.be\/fr\/wp-json\/wp\/v2\/pages\/5"}],"wp:attachment":[{"href":"https:\/\/charleroi-metropole.be\/fr\/wp-json\/wp\/v2\/media?parent=17751"}],"curies":[{"name":"wp","href":"https:\/\/api.w.org\/{rel}","templated":true}]}}