{"id":16659,"date":"2024-07-31T20:39:36","date_gmt":"2024-07-31T18:39:36","guid":{"rendered":"https:\/\/charleroi-metropole.be\/?page_id=16659"},"modified":"2024-10-09T20:57:43","modified_gmt":"2024-10-09T18:57:43","slug":"visiter","status":"publish","type":"page","link":"https:\/\/charleroi-metropole.be\/fr\/visiter\/","title":{"rendered":"Visiter"},"content":{"rendered":"\n<div class=\"wp-block-cover alignfull default-page-template-top\"><span aria-hidden=\"true\" class=\"wp-block-cover__background has-black-background-color has-background-dim-30 has-background-dim\"><\/span><img loading=\"lazy\" decoding=\"async\" width=\"1000\" height=\"562\" class=\"wp-block-cover__image-background wp-image-16661\" alt=\"\" src=\"https:\/\/charleroi-metropole.be\/wp-content\/uploads\/2024\/07\/charleroi-metropole-golf-pierpont-visiter-cm-tourisme-1.webp\" data-object-fit=\"cover\" srcset=\"https:\/\/charleroi-metropole.be\/wp-content\/uploads\/2024\/07\/charleroi-metropole-golf-pierpont-visiter-cm-tourisme-1.webp 1000w, https:\/\/charleroi-metropole.be\/wp-content\/uploads\/2024\/07\/charleroi-metropole-golf-pierpont-visiter-cm-tourisme-1-600x337.webp 600w, https:\/\/charleroi-metropole.be\/wp-content\/uploads\/2024\/07\/charleroi-metropole-golf-pierpont-visiter-cm-tourisme-1-768x432.webp 768w\" sizes=\"(max-width: 1000px) 100vw, 1000px\" \/><div class=\"wp-block-cover__inner-container is-layout-constrained wp-block-cover-is-layout-constrained\">\n<div class=\"wp-block-group default-page-template-top-content has-white-color has-text-color has-link-color wp-elements-1bc92b837811e75e9a68296fc22e623d is-layout-constrained wp-block-group-is-layout-constrained\"><h1 class=\"alignfull wp-block-post-title\">Visiter<\/h1>\n\n\n<p style=\"margin-right:0;margin-left:0\"><b>Charleroi M\u00e9tropole, c\u2019est une diversit\u00e9 d\u2019exp\u00e9riences entre nature et culture, ville et terroir&nbsp;!&nbsp;<\/b> Patrimoine de pierre ou immat\u00e9riel, sites naturels, arts de la sc\u00e8ne, lieux&nbsp;insolites\u2026 Autant de rencontres avec un territoire et ses habitants, autant d\u2019exp\u00e9riences et de d\u00e9couvertes\u2026&nbsp; En famille, en solo, en duo, entre amis&nbsp;: venez-vous inspirer&nbsp;sur la plateforme de Charleroi M\u00e9tropole d\u00e9di\u00e9e au tourisme !<\/p>\n<\/div>\n\n\n\n<div class=\"wp-block-group alignwide default-page-template-header-card-container is-layout-constrained wp-block-group-is-layout-constrained\">\n<div class=\"wp-block-group default-page-template-header-card has-background is-content-justification-center is-layout-constrained wp-container-core-group-is-layout-3 wp-block-group-is-layout-constrained\" style=\"border-radius:40px;background-color:#e6e87b;padding-top:var(--wp--preset--spacing--30);padding-right:var(--wp--preset--spacing--30);padding-bottom:var(--wp--preset--spacing--30);padding-left:var(--wp--preset--spacing--30)\">\n<div class=\"wp-block-group is-layout-constrained wp-block-group-is-layout-constrained\">\n<figure class=\"wp-block-image size-full has-custom-border\"><a href=\"https:\/\/www.cm-tourisme.be\/fr\" target=\"_blank\" rel=\"noreferrer noopener\"><img loading=\"lazy\" decoding=\"async\" width=\"1600\" height=\"1084\" src=\"https:\/\/charleroi-metropole.be\/wp-content\/uploads\/2022\/08\/charleroi-metropole-re\u0301serves-naturelles.jpg\" alt=\"\" class=\"wp-image-8922\" style=\"border-radius:40px\" srcset=\"https:\/\/charleroi-metropole.be\/wp-content\/uploads\/2022\/08\/charleroi-metropole-re\u0301serves-naturelles.jpg 1600w, https:\/\/charleroi-metropole.be\/wp-content\/uploads\/2022\/08\/charleroi-metropole-re\u0301serves-naturelles-600x407.jpg 600w, https:\/\/charleroi-metropole.be\/wp-content\/uploads\/2022\/08\/charleroi-metropole-re\u0301serves-naturelles-768x520.jpg 768w\" sizes=\"(max-width: 1600px) 100vw, 1600px\" \/><\/a><\/figure>\n\n\n\n<h2 class=\"wp-block-heading has-black-color has-text-color has-link-color wp-elements-08bd3712effc3624a0b740073ead86d9\" style=\"margin-top:var(--wp--preset--spacing--30)\">Un seul site web !<\/h2>\n\n\n\n<p class=\"has-black-color has-text-color has-link-color wp-elements-a84e7760afdec0ec588f546ba7b8c02c\">CM-Tourisme, la plateforme de Charleroi M\u00e9tropole d\u00e9di\u00e9e au tourisme.&nbsp;<\/p>\n<\/div>\n\n\n\n<div style=\"height:75px\" aria-hidden=\"true\" class=\"wp-block-spacer\"><\/div>\n\n\n\n<div class=\"wp-block-buttons rounded-btn is-content-justification-center is-layout-flex wp-container-core-buttons-is-layout-1 wp-block-buttons-is-layout-flex\">\n<div class=\"wp-block-button\"><a class=\"wp-block-button__link wp-element-button\" href=\"https:\/\/www.cm-tourisme.be\/fr\" target=\"_blank\" rel=\"noreferrer noopener\">CTA<\/a><\/div>\n<\/div>\n<\/div>\n<\/div>\n<\/div><\/div>\n\n\n\n<div style=\"height:100px\" aria-hidden=\"true\" class=\"wp-block-spacer\"><\/div>\n\n\n\n<div class=\"wp-block-group is-layout-constrained wp-block-group-is-layout-constrained\">\n<div style=\"margin-top:0;margin-bottom:0;height:300px\" aria-hidden=\"true\" class=\"wp-block-spacer\"><\/div>\n\n\n\n<div class=\"wp-block-media-text alignwide is-stacked-on-mobile is-vertically-aligned-center wp-block-media-text_modified has-background\" style=\"background-color:#e6e87b\"><figure class=\"wp-block-media-text__media\"><a href=\"https:\/\/www.cm-tourisme.be\/fr\/themes\/insolites\" target=\"_blank\" rel=\"noreferrer noopener\"><img decoding=\"async\" src=\"https:\/\/cm-site.fidelodev.be\/wp-content\/uploads\/2024\/07\/charleroi-metropole-decouvrir-experience-atypiques-cm-tourisme.webp\" alt=\"\" class=\"wp-image-15402 size-full\"\/><\/a><\/figure><div class=\"wp-block-media-text__content\">\n<div class=\"wp-block-group is-layout-constrained wp-block-group-is-layout-constrained\" style=\"padding-top:var(--wp--preset--spacing--30);padding-bottom:var(--wp--preset--spacing--30)\">\n<h2 class=\"wp-block-heading\" style=\"font-size:22px\">Charleroi M\u00e9tropole c\u2019est un esprit d\u00e9cal\u00e9, un peu rebelle mais toujours attachant&nbsp;!&nbsp;<\/h2>\n\n\n\n<p style=\"font-size:20px\">Que vous soyez f\u00e9ru d&rsquo;histoire, amateur de sensations fortes, ou avide de nouvelles exp\u00e9riences un brin d\u00e9cal\u00e9es, les activit\u00e9s qui sortent de l&rsquo;ordinaire ne manquent pas sur le territoire&#8230; L&rsquo;originalit\u00e9 fait partie de l&rsquo;ADN de Charleroi M\u00e9tropole !<\/p>\n<\/div>\n\n\n\n<div class=\"wp-block-buttons is-content-justification-center is-layout-flex wp-container-core-buttons-is-layout-2 wp-block-buttons-is-layout-flex\">\n<div class=\"wp-block-button has-custom-width wp-block-button__width-100 has-custom-font-size is-style-fill\" style=\"font-size:22px;font-style:normal;font-weight:700\"><a class=\"wp-block-button__link has-black-color has-text-color has-background has-link-color wp-element-button\" href=\"https:\/\/www.cm-tourisme.be\/fr\/themes\/insolites\" style=\"border-width:1px;border-radius:100px;background-color:#e6e87b\" target=\"_blank\" rel=\"noreferrer noopener\">D\u00e9couvrez les exp\u00e9riences atypiques<\/a><\/div>\n<\/div>\n<\/div><\/div>\n\n\n\n<div style=\"height:100px\" aria-hidden=\"true\" class=\"wp-block-spacer\"><\/div>\n\n\n\n<div class=\"wp-block-media-text alignwide has-media-on-the-right is-stacked-on-mobile is-vertically-aligned-center wp-block-media-text_modified has-white-color has-black-background-color has-text-color has-background has-link-color wp-elements-8c6162dabc4960cb35c3e291351c5f3d\"><div class=\"wp-block-media-text__content\">\n<div class=\"wp-block-group is-layout-constrained wp-block-group-is-layout-constrained\" style=\"padding-top:var(--wp--preset--spacing--30);padding-bottom:var(--wp--preset--spacing--30)\">\n<p style=\"font-size:22px\"><strong>Des villages typiques, o\u00f9 il fait bon vivre<\/strong><\/p>\n\n\n\n<p style=\"font-size:20px\">Les hommes et les femmes les ont fa\u00e7onn\u00e9s, la nature est leur \u00e9crin, c&rsquo;est en se promenant qu&rsquo;on en d\u00e9couvre l&rsquo;\u00e2me&#8230; Charleroi M\u00e9tropole est parsem\u00e9 de charmants villages, dont le patrimoine b\u00e2ti et l&rsquo;ambiance qui en \u00e9mane valent le d\u00e9tour. <\/p>\n<\/div>\n\n\n\n<div class=\"wp-block-buttons is-content-justification-center is-layout-flex wp-container-core-buttons-is-layout-3 wp-block-buttons-is-layout-flex\">\n<div class=\"wp-block-button has-custom-width wp-block-button__width-100 has-custom-font-size is-style-fill\" style=\"font-size:22px;font-style:normal;font-weight:700\"><a class=\"wp-block-button__link has-black-color has-text-color has-background has-link-color wp-element-button\" href=\"https:\/\/www.cm-tourisme.be\/fr\/themes\/nos-plus-beaux-villages-de-wallonie\" style=\"border-style:none;border-width:0px;border-radius:100px;background-color:#e6e87b\" target=\"_blank\" rel=\"noreferrer noopener\">D\u00e9couvrez les chaleureux villages de Charleroi M\u00e9tropole<\/a><\/div>\n<\/div>\n<\/div><figure class=\"wp-block-media-text__media\"><a href=\"https:\/\/www.cm-tourisme.be\/fr\/themes\/nos-plus-beaux-villages-de-wallonie\" target=\"_blank\" rel=\"noreferrer noopener\"><img decoding=\"async\" src=\"https:\/\/cm-site.fidelodev.be\/wp-content\/uploads\/2024\/07\/charleroi-metropole-cm-tourisme-balades-atypiques-villages-chaleureux.webp\" alt=\"\" class=\"wp-image-15406 size-full\"\/><\/a><\/figure><\/div>\n\n\n\n<div style=\"height:100px\" aria-hidden=\"true\" class=\"wp-block-spacer\"><\/div>\n\n\n\n<div class=\"wp-block-media-text alignwide is-stacked-on-mobile is-vertically-aligned-center wp-block-media-text_modified has-background\" style=\"background-color:#e6e87b\"><figure class=\"wp-block-media-text__media\"><a href=\"https:\/\/www.cm-tourisme.be\/fr\/themes\/rencontres\" target=\"_blank\" rel=\"noreferrer noopener\"><img decoding=\"async\" src=\"https:\/\/cm-site.fidelodev.be\/wp-content\/uploads\/2024\/07\/charleroi-metropole-cm-tourisme-visiter-delices-du-terroir.webp\" alt=\"\" class=\"wp-image-15398 size-full\"\/><\/a><\/figure><div class=\"wp-block-media-text__content\">\n<div class=\"wp-block-group is-layout-constrained wp-block-group-is-layout-constrained\" style=\"padding-top:var(--wp--preset--spacing--30);padding-bottom:var(--wp--preset--spacing--30)\">\n<p style=\"font-size:22px\"><strong>Charleroi M\u00e9tropole, terre de saveurs<\/strong><\/p>\n\n\n\n<p style=\"font-size:19px\">La recette ? Un savant m\u00e9lange de savoir-faire, de produits du terroir, et de beaucoup de gourmandise&#8230; Saveurs houblonn\u00e9es, sp\u00e9cialit\u00e9s typiques comme les vitoulets et l&rsquo;escav\u00e8che, plaisirs sucr\u00e9s&#8230; Les papilles se r\u00e9galent ! <\/p>\n<\/div>\n\n\n\n<div class=\"wp-block-buttons is-content-justification-center is-layout-flex wp-container-core-buttons-is-layout-4 wp-block-buttons-is-layout-flex\">\n<div class=\"wp-block-button has-custom-width wp-block-button__width-100 has-custom-font-size is-style-fill\" style=\"font-size:22px;font-style:normal;font-weight:700\"><a class=\"wp-block-button__link has-black-color has-text-color has-background has-link-color wp-element-button\" href=\"https:\/\/www.cm-tourisme.be\/fr\/themes\/rencontres\" style=\"border-width:1px;border-radius:100px;background-color:#e6e87b\" target=\"_blank\" rel=\"noreferrer noopener\">D\u00e9couvrez les d\u00e9lices de notre terroir<\/a><\/div>\n<\/div>\n<\/div><\/div>\n\n\n\n<div style=\"height:100px\" aria-hidden=\"true\" class=\"wp-block-spacer\"><\/div>\n\n\n\n<div class=\"wp-block-media-text alignwide has-media-on-the-right is-stacked-on-mobile is-vertically-aligned-center wp-block-media-text_modified has-black-background-color has-background\"><div class=\"wp-block-media-text__content\">\n<div class=\"wp-block-group is-layout-constrained wp-block-group-is-layout-constrained\" style=\"padding-top:var(--wp--preset--spacing--30);padding-bottom:var(--wp--preset--spacing--30)\">\n<h2 class=\"wp-block-heading has-white-color has-text-color has-link-color wp-elements-8ffba8faca4dc1934328541861b06980\" style=\"font-size:22px\">Une nature \u00e0 couper le souffle&#8230;<\/h2>\n\n\n\n<p class=\"has-white-color has-text-color has-link-color wp-elements-653746d680569b92a40c9c677d0be1c3\" style=\"font-size:20px\">Que ce soit au c\u0153ur du Parc National de l&rsquo;Entre-Sambre-et-Meuse, en parcourant les belles campagnes du territoire, en grimpant sur l&rsquo;un de terrils o\u00f9 la faune et la flore foisonnent, en se baladant dans une ancienne carri\u00e8re ou en suivant l&rsquo;un des nombreux cours d&rsquo;eau, la nature est partout et r\u00e9serve de belles surprises ! <\/p>\n<\/div>\n\n\n\n<div class=\"wp-block-buttons is-content-justification-center is-layout-flex wp-container-core-buttons-is-layout-5 wp-block-buttons-is-layout-flex\">\n<div class=\"wp-block-button has-custom-width wp-block-button__width-100 has-custom-font-size is-style-fill\" style=\"font-size:22px;font-style:normal;font-weight:700\"><a class=\"wp-block-button__link has-black-color has-text-color has-background has-link-color wp-element-button\" href=\"https:\/\/www.cm-tourisme.be\/fr\/themes\/nature\" style=\"border-style:none;border-width:0px;border-radius:100px;background-color:#e6e87b\" target=\"_blank\" rel=\"noreferrer noopener\">D\u00e9couvrez les exp\u00e9riences 100% nature<\/a><\/div>\n<\/div>\n<\/div><figure class=\"wp-block-media-text__media\"><a href=\"https:\/\/www.cm-tourisme.be\/fr\/themes\/nature\" target=\"_blank\" rel=\"noreferrer noopener\"><img decoding=\"async\" src=\"https:\/\/cm-site.fidelodev.be\/wp-content\/uploads\/2024\/07\/charleroi-metropole-cm-tourisme-experiences-natures-fondry-des-chiens.webp\" alt=\"\" class=\"wp-image-15410 size-full\"\/><\/a><\/figure><\/div>\n\n\n\n<div style=\"height:100px\" aria-hidden=\"true\" class=\"wp-block-spacer\"><\/div>\n\n\n\n<div class=\"wp-block-media-text alignwide is-stacked-on-mobile is-vertically-aligned-center wp-block-media-text_modified has-background\" style=\"background-color:#e6e87b\"><figure class=\"wp-block-media-text__media\"><a href=\"https:\/\/www.cm-tourisme.be\/fr\/themes\/urbain\" target=\"_blank\" rel=\"noreferrer noopener\"><img decoding=\"async\" src=\"https:\/\/cm-site.fidelodev.be\/wp-content\/uploads\/2024\/07\/charleroi-metropole-cm-tourisme-creativite.webp\" alt=\"\" class=\"wp-image-15413 size-full\"\/><\/a><\/figure><div class=\"wp-block-media-text__content\">\n<div class=\"wp-block-group is-layout-constrained wp-block-group-is-layout-constrained\" style=\"padding-top:var(--wp--preset--spacing--30);padding-bottom:var(--wp--preset--spacing--30)\">\n<h2 class=\"wp-block-heading\" style=\"font-size:22px\"><strong>Les villes t\u00e9moignent de la cr\u00e9ativit\u00e9 des hommes et des femmes qui l\u2019habitent<\/strong><\/h2>\n\n\n\n<p style=\"font-size:20px\">Les villes t\u00e9moignent de la cr\u00e9ativit\u00e9 des hommes et des femmes qui l&rsquo;habitent. Elles vibrent, elles accueillent, elles proposent, elles foisonnent. Elles sont rencontres, d\u00e9couvertes, coups de c\u0153ur, d\u00e9ambulations, saveurs&#8230; <\/p>\n<\/div>\n\n\n\n<div class=\"wp-block-buttons is-content-justification-center is-layout-flex wp-container-core-buttons-is-layout-6 wp-block-buttons-is-layout-flex\">\n<div class=\"wp-block-button has-custom-width wp-block-button__width-100 has-custom-font-size is-style-fill\" style=\"font-size:22px;font-style:normal;font-weight:700\"><a class=\"wp-block-button__link has-black-color has-text-color has-background has-link-color wp-element-button\" href=\"https:\/\/www.cm-tourisme.be\/fr\/themes\/urbain\" style=\"border-width:1px;border-radius:100px;background-color:#e6e87b\" target=\"_blank\" rel=\"noreferrer noopener\">D\u00e9couvrez celles qui font battre le coeur de Charleroi M\u00e9tropole<\/a><\/div>\n<\/div>\n<\/div><\/div>\n\n\n\n<div style=\"height:100px\" aria-hidden=\"true\" class=\"wp-block-spacer\"><\/div>\n\n\n\n<div class=\"wp-block-group alignwide custom-media-text-cta-arrow has-black-background-color has-background is-nowrap is-layout-flex wp-container-core-group-is-layout-11 wp-block-group-is-layout-flex\" style=\"border-radius:50px;padding-top:var(--wp--preset--spacing--40);padding-right:var(--wp--preset--spacing--40);padding-bottom:var(--wp--preset--spacing--40);padding-left:var(--wp--preset--spacing--40)\">\n<figure class=\"wp-block-image size-full has-custom-border wp-container-content-1\"><img loading=\"lazy\" decoding=\"async\" width=\"600\" height=\"338\" src=\"https:\/\/charleroi-metropole.be\/wp-content\/uploads\/2024\/08\/Ste-Rolende.jpg\" alt=\"\" class=\"wp-image-16774\" style=\"border-radius:40px\"\/><\/figure>\n\n\n\n<div class=\"wp-block-group has-white-color has-text-color has-link-color wp-elements-d07386b4d22198f163206a9789f136dc wp-container-content-3 is-layout-constrained wp-container-core-group-is-layout-10 wp-block-group-is-layout-constrained\">\n<h2 class=\"wp-block-heading\">Et tant d\u2019autres exp\u00e9riences \u00e0 d\u00e9couvrir !<\/h2>\n\n\n\n<div style=\"height:50px\" aria-hidden=\"true\" class=\"wp-block-spacer\"><\/div>\n\n\n\n<div class=\"wp-block-buttons wp-container-content-2 is-layout-flex wp-block-buttons-is-layout-flex\">\n<div class=\"wp-block-button has-custom-width wp-block-button__width-75 has-custom-font-size\" style=\"font-size:22px;font-style:normal;font-weight:700\"><a class=\"wp-block-button__link has-black-color has-text-color has-background has-link-color wp-element-button\" href=\"https:\/\/www.cm-tourisme.be\/fr\" style=\"background-color:#e6e87b\" target=\"_blank\" rel=\"noreferrer noopener\">CM-Tourisme, la plateforme de Charleroi M\u00e9tropole d\u00e9di\u00e9e au tourisme<\/a><\/div>\n<\/div>\n\n\n\n<div style=\"height:30px\" aria-hidden=\"true\" class=\"wp-block-spacer\"><\/div>\n<\/div>\n\n\n\n<div class=\"wp-block-buttons rounded-btn is-content-justification-center is-layout-flex wp-container-core-buttons-is-layout-8 wp-block-buttons-is-layout-flex\">\n<div class=\"wp-block-button\"><a class=\"wp-block-button__link wp-element-button\" href=\"https:\/\/www.cm-tourisme.be\/fr\">CTA<\/a><\/div>\n<\/div>\n<\/div>\n\n\n\n<div style=\"height:150px\" aria-hidden=\"true\" class=\"wp-block-spacer\"><\/div>\n\n\n\n<div class=\"wp-block-group alignwide is-layout-constrained wp-block-group-is-layout-constrained\">\n<div class=\"wp-block-buttons alignwide is-layout-flex wp-block-buttons-is-layout-flex\" style=\"margin-bottom:16px\">\n<div class=\"wp-block-button\"><a class=\"wp-block-button__link has-primary-background-color has-background wp-element-button\" style=\"border-radius:8px\">Blog<\/a><\/div>\n<\/div>\n\n\n\n<div class=\"wp-block-group alignwide is-content-justification-space-between is-layout-flex wp-container-core-group-is-layout-12 wp-block-group-is-layout-flex\">\n<h3 class=\"wp-block-heading home__boroughs__title\">Nos derniers articles en relation <\/h3>\n\n\n\n<div class=\"wp-block-buttons is-layout-flex wp-block-buttons-is-layout-flex\">\n<div class=\"wp-block-button\"><a class=\"wp-block-button__link has-contrast-color has-base-2-background-color has-text-color has-background has-link-color wp-element-button\" href=\"\/fr\/decouvrir\/\" style=\"border-width:2px\">Tous les articles<\/a><\/div>\n<\/div>\n<\/div>\n\n\n\n<div style=\"height:60px\" aria-hidden=\"true\" class=\"wp-block-spacer\"><\/div>\n\n\n\n<div class=\"wp-block-query alignwide is-layout-flow wp-block-query-is-layout-flow\"><ul class=\"columns-3 wp-block-post-template is-layout-grid wp-container-core-post-template-is-layout-1 wp-block-post-template-is-layout-grid\"><li class=\"wp-block-post post-17693 post type-post status-publish format-standard has-post-thumbnail hentry category-cm category-ecologie category-education\">\n\n<div class=\"wp-block-group is-vertical is-content-justification-stretch is-layout-flex wp-container-core-group-is-layout-13 wp-block-group-is-layout-flex\" style=\"min-height:100%\"><figure style=\"aspect-ratio:3\/2;width:100%;\" class=\"wp-block-post-featured-image wp-container-content-4\"><a href=\"https:\/\/charleroi-metropole.be\/fr\/decouvrir\/semaine-de-larbre-les-distributions-et-animations-a-charleroi-metropole-2\/\" target=\"_self\"  ><img loading=\"lazy\" decoding=\"async\" width=\"612\" height=\"408\" src=\"https:\/\/charleroi-metropole.be\/wp-content\/uploads\/2022\/11\/haie-sauvages.jpg\" class=\"attachment-post-thumbnail size-post-thumbnail wp-post-image\" alt=\"Semaine de l\u2019arbre\u00a0: les distributions et animations \u00e0 Charleroi M\u00e9tropole\" style=\"border-radius:30px;width:100%;height:100%;object-fit:cover;\" srcset=\"https:\/\/charleroi-metropole.be\/wp-content\/uploads\/2022\/11\/haie-sauvages.jpg 612w, https:\/\/charleroi-metropole.be\/wp-content\/uploads\/2022\/11\/haie-sauvages-600x400.jpg 600w\" sizes=\"(max-width: 612px) 100vw, 612px\" \/><\/a><\/figure>\n\n<h2 class=\"wp-block-post-title\">Semaine de l\u2019arbre\u00a0: les distributions et animations \u00e0 Charleroi M\u00e9tropole<\/h2>\n\n<div class=\"wp-block-post-date\"><time datetime=\"2024-11-21T12:16:29+02:00\">21\/11\/2024<\/time><\/div><\/div>\n\n<\/li><li class=\"wp-block-post post-17499 post type-post status-publish format-standard has-post-thumbnail hentry category-dynamisme-economique category-ecologie\">\n\n<div class=\"wp-block-group is-vertical is-content-justification-stretch is-layout-flex wp-container-core-group-is-layout-14 wp-block-group-is-layout-flex\" style=\"min-height:100%\"><figure style=\"aspect-ratio:3\/2;width:100%;\" class=\"wp-block-post-featured-image wp-container-content-5\"><a href=\"https:\/\/charleroi-metropole.be\/fr\/decouvrir\/ecocim-a-chimay-la-premiere-recyclerie-vegetale-de-wallonie\/\" target=\"_self\"  ><img loading=\"lazy\" decoding=\"async\" width=\"612\" height=\"408\" src=\"https:\/\/charleroi-metropole.be\/wp-content\/uploads\/2024\/10\/chrysanthemes.jpg\" class=\"attachment-post-thumbnail size-post-thumbnail wp-post-image\" alt=\"ECOCIM \u00e0 Chimay : la premi\u00e8re recyclerie v\u00e9g\u00e9tale qui redonne vie \u00e0 vos chrysanth\u00e8mes\" style=\"border-radius:30px;width:100%;height:100%;object-fit:cover;\" srcset=\"https:\/\/charleroi-metropole.be\/wp-content\/uploads\/2024\/10\/chrysanthemes.jpg 612w, https:\/\/charleroi-metropole.be\/wp-content\/uploads\/2024\/10\/chrysanthemes-600x400.jpg 600w\" sizes=\"(max-width: 612px) 100vw, 612px\" \/><\/a><\/figure>\n\n<h2 class=\"wp-block-post-title\">ECOCIM \u00e0 Chimay : la premi\u00e8re recyclerie v\u00e9g\u00e9tale qui redonne vie \u00e0 vos chrysanth\u00e8mes<\/h2>\n\n<div class=\"wp-block-post-date\"><time datetime=\"2024-10-25T14:48:04+02:00\">25\/10\/2024<\/time><\/div><\/div>\n\n<\/li><li class=\"wp-block-post post-16551 post type-post status-publish format-standard has-post-thumbnail hentry category-ecologie category-education tag-alternance tag-emploi tag-espaces-verts tag-formation tag-nature\">\n\n<div class=\"wp-block-group is-vertical is-content-justification-stretch is-layout-flex wp-container-core-group-is-layout-15 wp-block-group-is-layout-flex\" style=\"min-height:100%\"><figure style=\"aspect-ratio:3\/2;width:100%;\" class=\"wp-block-post-featured-image wp-container-content-6\"><a href=\"https:\/\/charleroi-metropole.be\/fr\/decouvrir\/une-formation-en-alternance-en-gestion-ecologique-des-espaces-verts-a-charleroi-metropole\/\" target=\"_self\"  ><img loading=\"lazy\" decoding=\"async\" width=\"1200\" height=\"900\" src=\"https:\/\/charleroi-metropole.be\/wp-content\/uploads\/2024\/06\/20230627_155806-Copie.jpg\" class=\"attachment-post-thumbnail size-post-thumbnail wp-post-image\" alt=\"Une formation en alternance en gestion \u00e9cologique des espaces verts au sein des communes Charleroi M\u00e9tropole\" style=\"border-radius:30px;width:100%;height:100%;object-fit:cover;\" srcset=\"https:\/\/charleroi-metropole.be\/wp-content\/uploads\/2024\/06\/20230627_155806-Copie.jpg 1200w, https:\/\/charleroi-metropole.be\/wp-content\/uploads\/2024\/06\/20230627_155806-Copie-600x450.jpg 600w, https:\/\/charleroi-metropole.be\/wp-content\/uploads\/2024\/06\/20230627_155806-Copie-768x576.jpg 768w\" sizes=\"(max-width: 1200px) 100vw, 1200px\" \/><\/a><\/figure>\n\n<h2 class=\"wp-block-post-title\">Une formation en alternance en gestion \u00e9cologique des espaces verts au sein des communes Charleroi M\u00e9tropole<\/h2>\n\n<div class=\"wp-block-post-date\"><time datetime=\"2024-06-18T09:48:27+02:00\">18\/06\/2024<\/time><\/div><\/div>\n\n<\/li><\/ul>\n\n<\/div>\n<\/div>\n<\/div>\n\n\n\n<div style=\"height:100px\" aria-hidden=\"true\" class=\"wp-block-spacer\"><\/div>\n","protected":false},"excerpt":{"rendered":"<p>Charleroi M\u00e9tropole c\u2019est un esprit d\u00e9cal\u00e9, un peu rebelle mais toujours attachant&nbsp;!&nbsp; Que vous soyez f\u00e9ru d&rsquo;histoire, amateur de sensations fortes, ou avide de nouvelles exp\u00e9riences un brin d\u00e9cal\u00e9es, les activit\u00e9s qui sortent de l&rsquo;ordinaire ne manquent pas sur le territoire&#8230; L&rsquo;originalit\u00e9 fait partie de l&rsquo;ADN de Charleroi M\u00e9tropole ! Des villages typiques, o\u00f9 il [&hellip;]<\/p>\n","protected":false},"author":17,"featured_media":0,"parent":0,"menu_order":0,"comment_status":"closed","ping_status":"closed","template":"","meta":{"footnotes":""},"class_list":["post-16659","page","type-page","status-publish","hentry"],"_links":{"self":[{"href":"https:\/\/charleroi-metropole.be\/fr\/wp-json\/wp\/v2\/pages\/16659"}],"collection":[{"href":"https:\/\/charleroi-metropole.be\/fr\/wp-json\/wp\/v2\/pages"}],"about":[{"href":"https:\/\/charleroi-metropole.be\/fr\/wp-json\/wp\/v2\/types\/page"}],"author":[{"embeddable":true,"href":"https:\/\/charleroi-metropole.be\/fr\/wp-json\/wp\/v2\/users\/17"}],"replies":[{"embeddable":true,"href":"https:\/\/charleroi-metropole.be\/fr\/wp-json\/wp\/v2\/comments?post=16659"}],"version-history":[{"count":37,"href":"https:\/\/charleroi-metropole.be\/fr\/wp-json\/wp\/v2\/pages\/16659\/revisions"}],"predecessor-version":[{"id":17159,"href":"https:\/\/charleroi-metropole.be\/fr\/wp-json\/wp\/v2\/pages\/16659\/revisions\/17159"}],"wp:attachment":[{"href":"https:\/\/charleroi-metropole.be\/fr\/wp-json\/wp\/v2\/media?parent=16659"}],"curies":[{"name":"wp","href":"https:\/\/api.w.org\/{rel}","templated":true}]}}