{"version":"1.0","provider_name":"Charleroi M\u00e9tropole","provider_url":"https:\/\/charleroi-metropole.be\/fr\/","author_name":"Anne Timmermans","author_url":"https:\/\/charleroi-metropole.be\/fr\/decouvrir\/author\/anne-timmermans\/","title":"Rejoins l'\u00e9quipe de Charleroi M\u00e9tropole ! - Charleroi M\u00e9tropole","type":"rich","width":600,"height":338,"html":"<blockquote class=\"wp-embedded-content\" data-secret=\"wbiB5dLSMn\"><a href=\"https:\/\/charleroi-metropole.be\/fr\/decouvrir\/rejoins-lequipe-de-charleroi-metropole\/\">Rejoins l&rsquo;\u00e9quipe de Charleroi M\u00e9tropole !<\/a><\/blockquote><iframe sandbox=\"allow-scripts\" security=\"restricted\" src=\"https:\/\/charleroi-metropole.be\/fr\/decouvrir\/rejoins-lequipe-de-charleroi-metropole\/embed\/#?secret=wbiB5dLSMn\" width=\"600\" height=\"338\" title=\"\u00ab\u00a0Rejoins l&rsquo;\u00e9quipe de Charleroi M\u00e9tropole !\u00a0\u00bb &#8212; Charleroi M\u00e9tropole\" data-secret=\"wbiB5dLSMn\" frameborder=\"0\" marginwidth=\"0\" marginheight=\"0\" scrolling=\"no\" class=\"wp-embedded-content\"><\/iframe><script type=\"text\/javascript\">\n\/* <![CDATA[ *\/\n\/*! This file is auto-generated *\/\n!function(d,l){\"use strict\";l.querySelector&&d.addEventListener&&\"undefined\"!=typeof URL&&(d.wp=d.wp||{},d.wp.receiveEmbedMessage||(d.wp.receiveEmbedMessage=function(e){var t=e.data;if((t||t.secret||t.message||t.value)&&!\/[^a-zA-Z0-9]\/.test(t.secret)){for(var s,r,n,a=l.querySelectorAll('iframe[data-secret=\"'+t.secret+'\"]'),o=l.querySelectorAll('blockquote[data-secret=\"'+t.secret+'\"]'),c=new RegExp(\"^https?:$\",\"i\"),i=0;i<o.length;i++)o[i].style.display=\"none\";for(i=0;i<a.length;i++)s=a[i],e.source===s.contentWindow&&(s.removeAttribute(\"style\"),\"height\"===t.message?(1e3<(r=parseInt(t.value,10))?r=1e3:~~r<200&&(r=200),s.height=r):\"link\"===t.message&&(r=new URL(s.getAttribute(\"src\")),n=new URL(t.value),c.test(n.protocol))&&n.host===r.host&&l.activeElement===s&&(d.top.location.href=t.value))}},d.addEventListener(\"message\",d.wp.receiveEmbedMessage,!1),l.addEventListener(\"DOMContentLoaded\",function(){for(var e,t,s=l.querySelectorAll(\"iframe.wp-embedded-content\"),r=0;r<s.length;r++)(t=(e=s[r]).getAttribute(\"data-secret\"))||(t=Math.random().toString(36).substring(2,12),e.src+=\"#?secret=\"+t,e.setAttribute(\"data-secret\",t)),e.contentWindow.postMessage({message:\"ready\",secret:t},\"*\")},!1)))}(window,document);\n\/* ]]> *\/\n<\/script>\n","thumbnail_url":"https:\/\/charleroi-metropole.be\/wp-content\/uploads\/2024\/02\/istockphoto-1287342585-612x612-2.jpg","thumbnail_width":612,"thumbnail_height":408,"description":"En rejoignant l\u2019\u00e9quipe de Charleroi M\u00e9tropole, vous \u00eates charg\u00e9 de la mise en \u0153uvre de projets s\u2019inscrivant dans les axes identifi\u00e9s par le Projet de Territoire, et vous contribuez \u00e0 l\u2019animation des instances supracommunales. La dynamique Charleroi M\u00e9tropole op\u00e8re \u00e0 l\u2019\u00e9chelle d\u2019un bassin de vie de 30 communes et de 600.000 habitants, avec un triple [&hellip;]"}