{"version":"1.0","provider_name":"Charleroi M\u00e9tropole","provider_url":"https:\/\/charleroi-metropole.be\/fr\/","author_name":"Anne Timmermans","author_url":"https:\/\/charleroi-metropole.be\/fr\/decouvrir\/author\/anne-timmermans\/","title":"Charleroi M\u00e9tropole recrute ! - Charleroi M\u00e9tropole","type":"rich","width":600,"height":338,"html":"<blockquote class=\"wp-embedded-content\" data-secret=\"BfiVM4eMdS\"><a href=\"https:\/\/charleroi-metropole.be\/fr\/decouvrir\/charleroi-metropole-recrute\/\">Charleroi M\u00e9tropole recrute !<\/a><\/blockquote><iframe sandbox=\"allow-scripts\" security=\"restricted\" src=\"https:\/\/charleroi-metropole.be\/fr\/decouvrir\/charleroi-metropole-recrute\/embed\/#?secret=BfiVM4eMdS\" width=\"600\" height=\"338\" title=\"\u00ab\u00a0Charleroi M\u00e9tropole recrute !\u00a0\u00bb &#8212; Charleroi M\u00e9tropole\" data-secret=\"BfiVM4eMdS\" frameborder=\"0\" marginwidth=\"0\" marginheight=\"0\" scrolling=\"no\" class=\"wp-embedded-content\"><\/iframe><script type=\"text\/javascript\">\n\/* <![CDATA[ *\/\n\/*! This file is auto-generated *\/\n!function(d,l){\"use strict\";l.querySelector&&d.addEventListener&&\"undefined\"!=typeof URL&&(d.wp=d.wp||{},d.wp.receiveEmbedMessage||(d.wp.receiveEmbedMessage=function(e){var t=e.data;if((t||t.secret||t.message||t.value)&&!\/[^a-zA-Z0-9]\/.test(t.secret)){for(var s,r,n,a=l.querySelectorAll('iframe[data-secret=\"'+t.secret+'\"]'),o=l.querySelectorAll('blockquote[data-secret=\"'+t.secret+'\"]'),c=new RegExp(\"^https?:$\",\"i\"),i=0;i<o.length;i++)o[i].style.display=\"none\";for(i=0;i<a.length;i++)s=a[i],e.source===s.contentWindow&&(s.removeAttribute(\"style\"),\"height\"===t.message?(1e3<(r=parseInt(t.value,10))?r=1e3:~~r<200&&(r=200),s.height=r):\"link\"===t.message&&(r=new URL(s.getAttribute(\"src\")),n=new URL(t.value),c.test(n.protocol))&&n.host===r.host&&l.activeElement===s&&(d.top.location.href=t.value))}},d.addEventListener(\"message\",d.wp.receiveEmbedMessage,!1),l.addEventListener(\"DOMContentLoaded\",function(){for(var e,t,s=l.querySelectorAll(\"iframe.wp-embedded-content\"),r=0;r<s.length;r++)(t=(e=s[r]).getAttribute(\"data-secret\"))||(t=Math.random().toString(36).substring(2,12),e.src+=\"#?secret=\"+t,e.setAttribute(\"data-secret\",t)),e.contentWindow.postMessage({message:\"ready\",secret:t},\"*\")},!1)))}(window,document);\n\/* ]]> *\/\n<\/script>\n","thumbnail_url":"https:\/\/charleroi-metropole.be\/wp-content\/uploads\/2023\/04\/on-recrute.jpg","thumbnail_width":612,"thumbnail_height":408,"description":"Serez-vous notre nouveau charg\u00e9 de projet ? En rejoignant l\u2019\u00e9quipe de Charleroi M\u00e9tropole, vous \u00eates charg\u00e9 de la mise en \u0153uvre de projets s\u2019inscrivant dans les axes identifi\u00e9s par le Projet de Territoire, et vous contribuez \u00e0 l\u2019animation des instances supracommunales. Plus concr\u00e8tement, vous \u00eates amen\u00e9 entre autres, \u00e0\u00a0: Participer \u00e0 la mise en \u0153uvre [&hellip;]"}